{"id":966,"date":"2026-03-12T17:26:41","date_gmt":"2026-03-12T16:26:41","guid":{"rendered":"https:\/\/biotechlerncenter.iph-multisite.berta-bewegt.ch\/?page_id=966"},"modified":"2026-03-12T17:26:41","modified_gmt":"2026-03-12T16:26:41","slug":"5-aspects-ethiques-comment-traiter-les-donnees-genetiques","status":"publish","type":"page","link":"https:\/\/biotechlerncenter.interpharma.ch\/fr\/sujets\/anticorps\/5-aspects-ethiques-comment-traiter-les-donnees-genetiques\/","title":{"rendered":"5. Aspects \u00e9thiques: comment traiter les donn\u00e9es g\u00e9n\u00e9tiques?"},"content":{"rendered":"\n<p>Lorsqu&rsquo;en 1999 l&rsquo;herceptin arriva sur le march\u00e9, ce fut l&rsquo;un des premiers m\u00e9dicaments&nbsp; d&rsquo;une m\u00e9decine nouvelle appel\u00e9e \u00abm\u00e9decine personnalis\u00e9e\u00bb, ce qui signifie une m\u00e9decine faite sur mesure. Cette notion est cependant quelque peu trompeuse puisque ces m\u00e9dicaments sont con\u00e7us pour un&nbsp; groupe d&rsquo;individus ayant les m\u00eames variantes g\u00e9n\u00e9tiques et non pour une seule personne.<\/p>\n\n\n\n<p>Ces m\u00e9dicaments faits sur mesure ne seront pas appliqu\u00e9s avant que le m\u00e9decin se soit assur\u00e9 de leur effet (comme par ex. pour l&rsquo;herceptin) \u00e0 l&rsquo;aide d&rsquo;un test; ce qui, \u00e0 l&rsquo;avenir, se fera avec de plus en plus de m\u00e9dicaments. Les chercheurs esp\u00e8rent surtout une diminution du nombre des effets secondaires gr\u00e2ce \u00e0 cette m\u00e9decine personnalis\u00e9e. Personne ne r\u00e9agit de la m\u00eame mani\u00e8re au principe actif. Certains vont le d\u00e9grader trop rapidement, il agira donc trop peu; d&rsquo;autres vont le d\u00e9grader trop lentement, il agira donc trop. Ces diff\u00e9rences peuvent provoquer de graves effets secondaires. Un grand espoir r\u00e9side dans cette m\u00e9decine personnalis\u00e9e puisqu&rsquo;elle va permettre \u00e0 chaque patient de recevoir la dose optimale.<\/p>\n\n\n\n<p>La possibilit\u00e9 d&rsquo;effectuer des recherches et de d\u00e9velopper de nouveaux m\u00e9dicaments faits sur mesure reposent sur les banques biologiques ou biobanques. Il s&rsquo;agit d&rsquo;un ensemble de tests biologiques effectu\u00e9s sur des tissus, du sang, de la salive etc. ainsi que des donn\u00e9es m\u00e9dicales. En Suisse, des millions de tels tests sont conserv\u00e9s \u00e0 des fins essentiellement pathologiques mais \u00e9galement politiques, m\u00e9dicales ou autres. Gr\u00e2ce aux banques biologiques, les chercheurs peuvent reconna\u00eetre les diff\u00e9rences g\u00e9n\u00e9tiques des patients. Toutefois, la manipulation du mat\u00e9riel stock\u00e9 soul\u00e8ve quelques questions. Qui a l&rsquo;acc\u00e8s aux donn\u00e9es g\u00e9n\u00e9tiques d&rsquo;un individu? Comment s&rsquo;assurer qu&rsquo;aucun abus ne sera fait? Certains redoutent qu&rsquo;avec cette m\u00e9decine personnalis\u00e9e, l&rsquo;individu ne devienne trop \u00abtransparent\u00bb. Par ces examens g\u00e9n\u00e9tiques, l&rsquo;individu ne va-t-il pas apprendre quelque chose au sujet de ses g\u00e8nes et de ses pr\u00e9dispositions \u00e0 telles maladies qu&rsquo;il ne voulait pas savoir?<\/p>\n","protected":false},"excerpt":{"rendered":"<p>Lorsqu&rsquo;en 1999 l&rsquo;herceptin arriva sur le march\u00e9, ce fut l&rsquo;un des premiers m\u00e9dicaments&nbsp; d&rsquo;une m\u00e9decine nouvelle appel\u00e9e \u00abm\u00e9decine personnalis\u00e9e\u00bb, ce qui signifie une m\u00e9decine faite sur mesure. Cette notion est cependant quelque peu trompeuse puisque ces m\u00e9dicaments sont con\u00e7us pour un&nbsp; groupe d&rsquo;individus ayant les m\u00eames variantes g\u00e9n\u00e9tiques et non pour une seule personne. Ces [&hellip;]<\/p>\n","protected":false},"author":1,"featured_media":0,"parent":982,"menu_order":4,"comment_status":"closed","ping_status":"closed","template":"page-templates\/unterthema.php","meta":{"_acf_changed":false,"inline_featured_image":false,"footnotes":""},"class_list":["post-966","page","type-page","status-publish","hentry"],"acf":[],"yoast_head":"<!-- This site is optimized with the Yoast SEO Premium plugin v27.2 (Yoast SEO v27.2) - https:\/\/yoast.com\/product\/yoast-seo-premium-wordpress\/ -->\n<title>5. Aspects \u00e9thiques: comment traiter les donn\u00e9es g\u00e9n\u00e9tiques? - biotechlerncenter<\/title>\n<meta name=\"robots\" content=\"index, follow, max-snippet:-1, max-image-preview:large, max-video-preview:-1\" \/>\n<link rel=\"canonical\" href=\"https:\/\/biotechlerncenter.interpharma.ch\/themen\/monoklonale-antikoerper\/5-ethische-aspekte-wie-wird-mit-genetischen-daten-umgegangen\/\" \/>\n<meta property=\"og:locale\" content=\"fr_FR\" \/>\n<meta property=\"og:type\" content=\"article\" \/>\n<meta property=\"og:title\" content=\"5. Aspects \u00e9thiques: comment traiter les donn\u00e9es g\u00e9n\u00e9tiques?\" \/>\n<meta property=\"og:description\" content=\"Lorsqu&rsquo;en 1999 l&rsquo;herceptin arriva sur le march\u00e9, ce fut l&rsquo;un des premiers m\u00e9dicaments&nbsp; d&rsquo;une m\u00e9decine nouvelle appel\u00e9e \u00abm\u00e9decine personnalis\u00e9e\u00bb, ce qui signifie une m\u00e9decine faite sur mesure. Cette notion est cependant quelque peu trompeuse puisque ces m\u00e9dicaments sont con\u00e7us pour un&nbsp; groupe d&rsquo;individus ayant les m\u00eames variantes g\u00e9n\u00e9tiques et non pour une seule personne. Ces [&hellip;]\" \/>\n<meta property=\"og:url\" content=\"https:\/\/biotechlerncenter.interpharma.ch\/themen\/monoklonale-antikoerper\/5-ethische-aspekte-wie-wird-mit-genetischen-daten-umgegangen\/\" \/>\n<meta property=\"og:site_name\" content=\"biotechlerncenter\" \/>\n<meta name=\"twitter:card\" content=\"summary_large_image\" \/>\n<meta name=\"twitter:label1\" content=\"Dur\u00e9e de lecture estim\u00e9e\" \/>\n\t<meta name=\"twitter:data1\" content=\"2 minutes\" \/>\n<script type=\"application\/ld+json\" class=\"yoast-schema-graph\">{\"@context\":\"https:\/\/schema.org\",\"@graph\":[{\"@type\":\"WebPage\",\"@id\":\"https:\/\/biotechlerncenter.interpharma.ch\/themen\/monoklonale-antikoerper\/5-ethische-aspekte-wie-wird-mit-genetischen-daten-umgegangen\/\",\"url\":\"https:\/\/biotechlerncenter.interpharma.ch\/themen\/monoklonale-antikoerper\/5-ethische-aspekte-wie-wird-mit-genetischen-daten-umgegangen\/\",\"name\":\"5. Aspects \u00e9thiques: comment traiter les donn\u00e9es g\u00e9n\u00e9tiques? - biotechlerncenter\",\"isPartOf\":{\"@id\":\"https:\/\/biotechlerncenter.interpharma.ch\/#website\"},\"datePublished\":\"2026-03-12T16:26:41+00:00\",\"breadcrumb\":{\"@id\":\"https:\/\/biotechlerncenter.interpharma.ch\/themen\/monoklonale-antikoerper\/5-ethische-aspekte-wie-wird-mit-genetischen-daten-umgegangen\/#breadcrumb\"},\"inLanguage\":\"fr-FR\",\"potentialAction\":[{\"@type\":\"ReadAction\",\"target\":[\"https:\/\/biotechlerncenter.interpharma.ch\/themen\/monoklonale-antikoerper\/5-ethische-aspekte-wie-wird-mit-genetischen-daten-umgegangen\/\"]}]},{\"@type\":\"BreadcrumbList\",\"@id\":\"https:\/\/biotechlerncenter.interpharma.ch\/themen\/monoklonale-antikoerper\/5-ethische-aspekte-wie-wird-mit-genetischen-daten-umgegangen\/#breadcrumb\",\"itemListElement\":[{\"@type\":\"ListItem\",\"position\":1,\"name\":\"Start\",\"item\":\"https:\/\/biotechlerncenter.interpharma.ch\/fr\/\"},{\"@type\":\"ListItem\",\"position\":2,\"name\":\"Sujets\",\"item\":\"https:\/\/biotechlerncenter.interpharma.ch\/fr\/sujets\/\"},{\"@type\":\"ListItem\",\"position\":3,\"name\":\"Anticorps\",\"item\":\"https:\/\/biotechlerncenter.interpharma.ch\/fr\/sujets\/anticorps\/\"},{\"@type\":\"ListItem\",\"position\":4,\"name\":\"5. Aspects \u00e9thiques: comment traiter les donn\u00e9es g\u00e9n\u00e9tiques?\"}]},{\"@type\":\"WebSite\",\"@id\":\"https:\/\/biotechlerncenter.interpharma.ch\/#website\",\"url\":\"https:\/\/biotechlerncenter.interpharma.ch\/\",\"name\":\"biotechlerncenter\",\"description\":\"\",\"potentialAction\":[{\"@type\":\"SearchAction\",\"target\":{\"@type\":\"EntryPoint\",\"urlTemplate\":\"https:\/\/biotechlerncenter.interpharma.ch\/?s={search_term_string}\"},\"query-input\":{\"@type\":\"PropertyValueSpecification\",\"valueRequired\":true,\"valueName\":\"search_term_string\"}}],\"inLanguage\":\"fr-FR\"}]}<\/script>\n<!-- \/ Yoast SEO Premium plugin. -->","yoast_head_json":{"title":"5. Aspects \u00e9thiques: comment traiter les donn\u00e9es g\u00e9n\u00e9tiques? - biotechlerncenter","robots":{"index":"index","follow":"follow","max-snippet":"max-snippet:-1","max-image-preview":"max-image-preview:large","max-video-preview":"max-video-preview:-1"},"canonical":"https:\/\/biotechlerncenter.interpharma.ch\/themen\/monoklonale-antikoerper\/5-ethische-aspekte-wie-wird-mit-genetischen-daten-umgegangen\/","og_locale":"fr_FR","og_type":"article","og_title":"5. Aspects \u00e9thiques: comment traiter les donn\u00e9es g\u00e9n\u00e9tiques?","og_description":"Lorsqu&rsquo;en 1999 l&rsquo;herceptin arriva sur le march\u00e9, ce fut l&rsquo;un des premiers m\u00e9dicaments&nbsp; d&rsquo;une m\u00e9decine nouvelle appel\u00e9e \u00abm\u00e9decine personnalis\u00e9e\u00bb, ce qui signifie une m\u00e9decine faite sur mesure. Cette notion est cependant quelque peu trompeuse puisque ces m\u00e9dicaments sont con\u00e7us pour un&nbsp; groupe d&rsquo;individus ayant les m\u00eames variantes g\u00e9n\u00e9tiques et non pour une seule personne. Ces [&hellip;]","og_url":"https:\/\/biotechlerncenter.interpharma.ch\/themen\/monoklonale-antikoerper\/5-ethische-aspekte-wie-wird-mit-genetischen-daten-umgegangen\/","og_site_name":"biotechlerncenter","twitter_card":"summary_large_image","twitter_misc":{"Dur\u00e9e de lecture estim\u00e9e":"2 minutes"},"schema":{"@context":"https:\/\/schema.org","@graph":[{"@type":"WebPage","@id":"https:\/\/biotechlerncenter.interpharma.ch\/themen\/monoklonale-antikoerper\/5-ethische-aspekte-wie-wird-mit-genetischen-daten-umgegangen\/","url":"https:\/\/biotechlerncenter.interpharma.ch\/themen\/monoklonale-antikoerper\/5-ethische-aspekte-wie-wird-mit-genetischen-daten-umgegangen\/","name":"5. Aspects \u00e9thiques: comment traiter les donn\u00e9es g\u00e9n\u00e9tiques? - biotechlerncenter","isPartOf":{"@id":"https:\/\/biotechlerncenter.interpharma.ch\/#website"},"datePublished":"2026-03-12T16:26:41+00:00","breadcrumb":{"@id":"https:\/\/biotechlerncenter.interpharma.ch\/themen\/monoklonale-antikoerper\/5-ethische-aspekte-wie-wird-mit-genetischen-daten-umgegangen\/#breadcrumb"},"inLanguage":"fr-FR","potentialAction":[{"@type":"ReadAction","target":["https:\/\/biotechlerncenter.interpharma.ch\/themen\/monoklonale-antikoerper\/5-ethische-aspekte-wie-wird-mit-genetischen-daten-umgegangen\/"]}]},{"@type":"BreadcrumbList","@id":"https:\/\/biotechlerncenter.interpharma.ch\/themen\/monoklonale-antikoerper\/5-ethische-aspekte-wie-wird-mit-genetischen-daten-umgegangen\/#breadcrumb","itemListElement":[{"@type":"ListItem","position":1,"name":"Start","item":"https:\/\/biotechlerncenter.interpharma.ch\/fr\/"},{"@type":"ListItem","position":2,"name":"Sujets","item":"https:\/\/biotechlerncenter.interpharma.ch\/fr\/sujets\/"},{"@type":"ListItem","position":3,"name":"Anticorps","item":"https:\/\/biotechlerncenter.interpharma.ch\/fr\/sujets\/anticorps\/"},{"@type":"ListItem","position":4,"name":"5. Aspects \u00e9thiques: comment traiter les donn\u00e9es g\u00e9n\u00e9tiques?"}]},{"@type":"WebSite","@id":"https:\/\/biotechlerncenter.interpharma.ch\/#website","url":"https:\/\/biotechlerncenter.interpharma.ch\/","name":"biotechlerncenter","description":"","potentialAction":[{"@type":"SearchAction","target":{"@type":"EntryPoint","urlTemplate":"https:\/\/biotechlerncenter.interpharma.ch\/?s={search_term_string}"},"query-input":{"@type":"PropertyValueSpecification","valueRequired":true,"valueName":"search_term_string"}}],"inLanguage":"fr-FR"}]}},"_links":{"self":[{"href":"https:\/\/biotechlerncenter.interpharma.ch\/fr\/wp-json\/wp\/v2\/pages\/966","targetHints":{"allow":["GET"]}}],"collection":[{"href":"https:\/\/biotechlerncenter.interpharma.ch\/fr\/wp-json\/wp\/v2\/pages"}],"about":[{"href":"https:\/\/biotechlerncenter.interpharma.ch\/fr\/wp-json\/wp\/v2\/types\/page"}],"author":[{"embeddable":true,"href":"https:\/\/biotechlerncenter.interpharma.ch\/fr\/wp-json\/wp\/v2\/users\/1"}],"replies":[{"embeddable":true,"href":"https:\/\/biotechlerncenter.interpharma.ch\/fr\/wp-json\/wp\/v2\/comments?post=966"}],"version-history":[{"count":1,"href":"https:\/\/biotechlerncenter.interpharma.ch\/fr\/wp-json\/wp\/v2\/pages\/966\/revisions"}],"predecessor-version":[{"id":967,"href":"https:\/\/biotechlerncenter.interpharma.ch\/fr\/wp-json\/wp\/v2\/pages\/966\/revisions\/967"}],"up":[{"embeddable":true,"href":"https:\/\/biotechlerncenter.interpharma.ch\/fr\/wp-json\/wp\/v2\/pages\/982"}],"wp:attachment":[{"href":"https:\/\/biotechlerncenter.interpharma.ch\/fr\/wp-json\/wp\/v2\/media?parent=966"}],"curies":[{"name":"wp","href":"https:\/\/api.w.org\/{rel}","templated":true}]}}