{"id":786,"date":"2026-03-12T17:26:29","date_gmt":"2026-03-12T16:26:29","guid":{"rendered":"https:\/\/biotechlerncenter.iph-multisite.berta-bewegt.ch\/?page_id=786"},"modified":"2026-03-13T17:37:19","modified_gmt":"2026-03-13T16:37:19","slug":"1-lavenir-de-la-medecine","status":"publish","type":"page","link":"https:\/\/biotechlerncenter.interpharma.ch\/fr\/sujets\/nanomedecine\/1-lavenir-de-la-medecine\/","title":{"rendered":"1. L&rsquo;avenir de la m\u00e9decine"},"content":{"rendered":"\n<p>L\u2019exemple de la canc\u00e9rologie illustre les perspectives attendues en nanom\u00e9decine par les experts. Lors de l&rsquo;apparition de tumeurs, les cellules malades se divisent de fa\u00e7on totalement incontr\u00f4l\u00e9e. M\u00eame si d&rsquo;\u00e9normes progr\u00e8s ont \u00e9t\u00e9 r\u00e9alis\u00e9s ces derni\u00e8res d\u00e9cennies en canc\u00e9rologie, les traitements sont encore effectu\u00e9s selon le principe de l&rsquo;arrosoir: un grand nombre de chimioth\u00e9rapies et de radioth\u00e9rapies attaquent radicalement toutes les cellules en division de l&rsquo;organisme. Malheureusement, ces m\u00e9thodes s&rsquo;en prennent \u00e9galement aux cellules saines telles que, par exemple, les cellules des racines capillaires ou celles du syst\u00e8me h\u00e9matopo\u00ef\u00e9tique. Il s&rsquo;ensuit des effets secondaires lourds tels que syst\u00e8me immunitaire affaibli, chute de cheveux, etc. L&rsquo;acceptation des patients est d&rsquo;autant plus importante qu&rsquo;est la gravit\u00e9 de leur maladie.<\/p>\n\n\n\n<div class=\"wp-block-group has-my-grey-background-color has-background\"><div class=\"wp-block-group__inner-container is-layout-flow wp-block-group-is-layout-flow\">\n<h2 class=\"wp-block-heading\"><strong>Dans le monde des nains: un nanom\u00e8tre<\/strong><\/h2>\n\n\n\n<p>Le terme \u00abnano\u00bb vient du grec et signifie \u00ab\u00a0nain\u00a0\u00bb. Un nanom\u00e8tre (nm) correspond \u00e0 un milliardi\u00e8me de m\u00e8tre ou 1\/1 000 000 000 m\u00e8tre ou 10<sup>-9<\/sup>&nbsp;m\u00e8tre. En comparaison: le rapport d&rsquo;un nanom\u00e8tre \u00e0 un m\u00e8tre est&nbsp; le m\u00eame que celui d&rsquo;une bille au diam\u00e8tre de la terre.<\/p>\n\n\n\n<p>Le monde des \u00ab\u00a0nanos\u00a0\u00bb est l&rsquo;aire de jeu des atomes et des mol\u00e9cules. Un atome d&rsquo;h\u00e9lium a un diam\u00e8tre d&rsquo;environ 0,1nm. Ce monde touche aux disciplines de la physique, de la chimie, de la biologie et de la m\u00e9decine.<\/p>\n\n\n\n<p>Si tu veux t&rsquo;envoler pour un voyage tr\u00e8s impressionnant dans le monde des nanos, rends-toi sur le site suivant: Nanoreisen.&nbsp;<a href=\"http:\/\/www.nanoreisen.de\/\" target=\"_blank\" rel=\"noreferrer noopener\">ici<\/a>.<\/p>\n<\/div><\/div>\n\n\n\n<p>La nanom\u00e9decine va peut-\u00eatre parvenir un jour \u00e0 ce que les m\u00e9dicaments contre le cancer ne soient plus dispers\u00e9s dans le corps selon le principe de l&rsquo;arrosoir mais bien plut\u00f4t \u00e0 ce qu&rsquo;ils atteignent de fa\u00e7on cibl\u00e9e leur site d&rsquo;action, \u00e0 savoir les cellules malades. De cette fa\u00e7on, on assisterait \u00e0 une diminution des effets secondaires: d&rsquo;une part, les cellules saines seraient \u00e9pargn\u00e9es et d&rsquo;autre part, en raison de l&rsquo;action s\u00e9lective du m\u00e9dicament, la dose totale pourrait \u00eatre r\u00e9duite et accorderait ainsi&nbsp; un effet b\u00e9n\u00e9fique \u00e0 la r\u00e9duction des co\u00fbts.<\/p>\n\n\n\n<p>Mais par quels moyens les chercheurs vont-ils r\u00e9ussir \u00e0 ce que le principe actif n&rsquo;atteigne que les cellules malades? La r\u00e9ponse se trouve peut-\u00eatre dans les nanoconteneurs. Un nanoconteneur pourrait ressembler \u00e0 une v\u00e9sicule ou \u00e0 une bille lipidique (liposomes de l&rsquo;ordre du nano) dans lesquelles serait enferm\u00e9 le principe actif. Le nanoconteneur serait dot\u00e9 de l&rsquo;adresse sp\u00e9cifique de livraison: les cellules canc\u00e9reuses se diff\u00e9rencient des cellules saines car elles poss\u00e8dent \u00e0 leur surface des \u00ab\u00a0antennes\u00a0\u00bb sp\u00e9ciales. Certaines cellules canc\u00e9reuses pr\u00e9sentent par exemple des \u00ab\u00a0antennes\u00a0\u00bb d&rsquo;acide folique \u00e0 leur surface parce que celles-ci ont besoin de cette vitamine pour cro\u00eetre rapidement. Les nanoconteneurs seront donc pr\u00e9par\u00e9s de telle sorte qu&rsquo;ils puissent s&rsquo;arrimer uniquement \u00e0 cette antenne-cible, les nano-capsules contenant des mol\u00e9cules d&rsquo;acide folique. Les anticorps peuvent \u00e9galement jouer un r\u00f4le similaire. L&rsquo;arrimage achev\u00e9, le principe actif est d\u00e9vers\u00e9 dans la cellule tumorale et peut ainsi la d\u00e9truire (cf. illustration 1).<\/p>\n\n\n\n<figure class=\"wp-block-image size-large\"><img decoding=\"async\" src=\"https:\/\/biotechlerncenter.interpharma.ch\/wp-content\/uploads\/sites\/4\/2020\/02\/nanoconteneurs.jpg\" alt=\"\" class=\"wp-image-4396\"\/><figcaption>Illustration 1: Nanoconteneurs<br>\u00a9 Interpharma<\/figcaption><\/figure>\n","protected":false},"excerpt":{"rendered":"<p>L\u2019exemple de la canc\u00e9rologie illustre les perspectives attendues en nanom\u00e9decine par les experts. Lors de l&rsquo;apparition de tumeurs, les cellules malades se divisent de fa\u00e7on totalement incontr\u00f4l\u00e9e. M\u00eame si d&rsquo;\u00e9normes progr\u00e8s ont \u00e9t\u00e9 r\u00e9alis\u00e9s ces derni\u00e8res d\u00e9cennies en canc\u00e9rologie, les traitements sont encore effectu\u00e9s selon le principe de l&rsquo;arrosoir: un grand nombre de chimioth\u00e9rapies et [&hellip;]<\/p>\n","protected":false},"author":1,"featured_media":0,"parent":826,"menu_order":0,"comment_status":"closed","ping_status":"closed","template":"page-templates\/unterthema.php","meta":{"_acf_changed":false,"inline_featured_image":false,"footnotes":""},"class_list":["post-786","page","type-page","status-publish","hentry"],"acf":[],"yoast_head":"<!-- This site is optimized with the Yoast SEO Premium plugin v27.2 (Yoast SEO v27.2) - https:\/\/yoast.com\/product\/yoast-seo-premium-wordpress\/ -->\n<title>1. L&#039;avenir de la m\u00e9decine - biotechlerncenter<\/title>\n<meta name=\"robots\" content=\"index, follow, max-snippet:-1, max-image-preview:large, max-video-preview:-1\" \/>\n<link rel=\"canonical\" href=\"https:\/\/biotechlerncenter.interpharma.ch\/fr\/sujets\/nanomedecine\/1-lavenir-de-la-medecine\/\" \/>\n<meta property=\"og:locale\" content=\"fr_FR\" \/>\n<meta property=\"og:type\" content=\"article\" \/>\n<meta property=\"og:title\" content=\"1. L&#039;avenir de la m\u00e9decine\" \/>\n<meta property=\"og:description\" content=\"L\u2019exemple de la canc\u00e9rologie illustre les perspectives attendues en nanom\u00e9decine par les experts. Lors de l&rsquo;apparition de tumeurs, les cellules malades se divisent de fa\u00e7on totalement incontr\u00f4l\u00e9e. M\u00eame si d&rsquo;\u00e9normes progr\u00e8s ont \u00e9t\u00e9 r\u00e9alis\u00e9s ces derni\u00e8res d\u00e9cennies en canc\u00e9rologie, les traitements sont encore effectu\u00e9s selon le principe de l&rsquo;arrosoir: un grand nombre de chimioth\u00e9rapies et [&hellip;]\" \/>\n<meta property=\"og:url\" content=\"https:\/\/biotechlerncenter.interpharma.ch\/fr\/sujets\/nanomedecine\/1-lavenir-de-la-medecine\/\" \/>\n<meta property=\"og:site_name\" content=\"biotechlerncenter\" \/>\n<meta property=\"article:modified_time\" content=\"2026-03-13T16:37:19+00:00\" \/>\n<meta property=\"og:image\" content=\"https:\/\/biotechlerncenter.interpharma.ch\/wp-content\/uploads\/sites\/4\/2020\/02\/nanoconteneurs.jpg\" \/>\n<meta name=\"twitter:card\" content=\"summary_large_image\" \/>\n<meta name=\"twitter:label1\" content=\"Dur\u00e9e de lecture estim\u00e9e\" \/>\n\t<meta name=\"twitter:data1\" content=\"3 minutes\" \/>\n<script type=\"application\/ld+json\" class=\"yoast-schema-graph\">{\"@context\":\"https:\/\/schema.org\",\"@graph\":[{\"@type\":\"WebPage\",\"@id\":\"https:\/\/biotechlerncenter.interpharma.ch\/fr\/sujets\/nanomedecine\/1-lavenir-de-la-medecine\/\",\"url\":\"https:\/\/biotechlerncenter.interpharma.ch\/fr\/sujets\/nanomedecine\/1-lavenir-de-la-medecine\/\",\"name\":\"1. L'avenir de la m\u00e9decine - biotechlerncenter\",\"isPartOf\":{\"@id\":\"https:\/\/biotechlerncenter.interpharma.ch\/#website\"},\"primaryImageOfPage\":{\"@id\":\"https:\/\/biotechlerncenter.interpharma.ch\/fr\/sujets\/nanomedecine\/1-lavenir-de-la-medecine\/#primaryimage\"},\"image\":{\"@id\":\"https:\/\/biotechlerncenter.interpharma.ch\/fr\/sujets\/nanomedecine\/1-lavenir-de-la-medecine\/#primaryimage\"},\"thumbnailUrl\":\"https:\/\/biotechlerncenter.interpharma.ch\/wp-content\/uploads\/sites\/4\/2020\/02\/nanoconteneurs.jpg\",\"datePublished\":\"2026-03-12T16:26:29+00:00\",\"dateModified\":\"2026-03-13T16:37:19+00:00\",\"breadcrumb\":{\"@id\":\"https:\/\/biotechlerncenter.interpharma.ch\/fr\/sujets\/nanomedecine\/1-lavenir-de-la-medecine\/#breadcrumb\"},\"inLanguage\":\"fr-FR\",\"potentialAction\":[{\"@type\":\"ReadAction\",\"target\":[\"https:\/\/biotechlerncenter.interpharma.ch\/fr\/sujets\/nanomedecine\/1-lavenir-de-la-medecine\/\"]}]},{\"@type\":\"ImageObject\",\"inLanguage\":\"fr-FR\",\"@id\":\"https:\/\/biotechlerncenter.interpharma.ch\/fr\/sujets\/nanomedecine\/1-lavenir-de-la-medecine\/#primaryimage\",\"url\":\"https:\/\/biotechlerncenter.interpharma.ch\/wp-content\/uploads\/sites\/4\/2020\/02\/nanoconteneurs.jpg\",\"contentUrl\":\"https:\/\/biotechlerncenter.interpharma.ch\/wp-content\/uploads\/sites\/4\/2020\/02\/nanoconteneurs.jpg\"},{\"@type\":\"BreadcrumbList\",\"@id\":\"https:\/\/biotechlerncenter.interpharma.ch\/fr\/sujets\/nanomedecine\/1-lavenir-de-la-medecine\/#breadcrumb\",\"itemListElement\":[{\"@type\":\"ListItem\",\"position\":1,\"name\":\"Start\",\"item\":\"https:\/\/biotechlerncenter.interpharma.ch\/fr\/\"},{\"@type\":\"ListItem\",\"position\":2,\"name\":\"Sujets\",\"item\":\"https:\/\/biotechlerncenter.interpharma.ch\/fr\/sujets\/\"},{\"@type\":\"ListItem\",\"position\":3,\"name\":\"Nanom\u00e9decine\",\"item\":\"https:\/\/biotechlerncenter.interpharma.ch\/fr\/sujets\/nanomedecine\/\"},{\"@type\":\"ListItem\",\"position\":4,\"name\":\"1. L&rsquo;avenir de la m\u00e9decine\"}]},{\"@type\":\"WebSite\",\"@id\":\"https:\/\/biotechlerncenter.interpharma.ch\/#website\",\"url\":\"https:\/\/biotechlerncenter.interpharma.ch\/\",\"name\":\"biotechlerncenter\",\"description\":\"\",\"potentialAction\":[{\"@type\":\"SearchAction\",\"target\":{\"@type\":\"EntryPoint\",\"urlTemplate\":\"https:\/\/biotechlerncenter.interpharma.ch\/?s={search_term_string}\"},\"query-input\":{\"@type\":\"PropertyValueSpecification\",\"valueRequired\":true,\"valueName\":\"search_term_string\"}}],\"inLanguage\":\"fr-FR\"}]}<\/script>\n<!-- \/ Yoast SEO Premium plugin. -->","yoast_head_json":{"title":"1. L'avenir de la m\u00e9decine - biotechlerncenter","robots":{"index":"index","follow":"follow","max-snippet":"max-snippet:-1","max-image-preview":"max-image-preview:large","max-video-preview":"max-video-preview:-1"},"canonical":"https:\/\/biotechlerncenter.interpharma.ch\/fr\/sujets\/nanomedecine\/1-lavenir-de-la-medecine\/","og_locale":"fr_FR","og_type":"article","og_title":"1. L'avenir de la m\u00e9decine","og_description":"L\u2019exemple de la canc\u00e9rologie illustre les perspectives attendues en nanom\u00e9decine par les experts. Lors de l&rsquo;apparition de tumeurs, les cellules malades se divisent de fa\u00e7on totalement incontr\u00f4l\u00e9e. M\u00eame si d&rsquo;\u00e9normes progr\u00e8s ont \u00e9t\u00e9 r\u00e9alis\u00e9s ces derni\u00e8res d\u00e9cennies en canc\u00e9rologie, les traitements sont encore effectu\u00e9s selon le principe de l&rsquo;arrosoir: un grand nombre de chimioth\u00e9rapies et [&hellip;]","og_url":"https:\/\/biotechlerncenter.interpharma.ch\/fr\/sujets\/nanomedecine\/1-lavenir-de-la-medecine\/","og_site_name":"biotechlerncenter","article_modified_time":"2026-03-13T16:37:19+00:00","og_image":[{"url":"https:\/\/biotechlerncenter.interpharma.ch\/wp-content\/uploads\/sites\/4\/2020\/02\/nanoconteneurs.jpg","type":"","width":"","height":""}],"twitter_card":"summary_large_image","twitter_misc":{"Dur\u00e9e de lecture estim\u00e9e":"3 minutes"},"schema":{"@context":"https:\/\/schema.org","@graph":[{"@type":"WebPage","@id":"https:\/\/biotechlerncenter.interpharma.ch\/fr\/sujets\/nanomedecine\/1-lavenir-de-la-medecine\/","url":"https:\/\/biotechlerncenter.interpharma.ch\/fr\/sujets\/nanomedecine\/1-lavenir-de-la-medecine\/","name":"1. L'avenir de la m\u00e9decine - biotechlerncenter","isPartOf":{"@id":"https:\/\/biotechlerncenter.interpharma.ch\/#website"},"primaryImageOfPage":{"@id":"https:\/\/biotechlerncenter.interpharma.ch\/fr\/sujets\/nanomedecine\/1-lavenir-de-la-medecine\/#primaryimage"},"image":{"@id":"https:\/\/biotechlerncenter.interpharma.ch\/fr\/sujets\/nanomedecine\/1-lavenir-de-la-medecine\/#primaryimage"},"thumbnailUrl":"https:\/\/biotechlerncenter.interpharma.ch\/wp-content\/uploads\/sites\/4\/2020\/02\/nanoconteneurs.jpg","datePublished":"2026-03-12T16:26:29+00:00","dateModified":"2026-03-13T16:37:19+00:00","breadcrumb":{"@id":"https:\/\/biotechlerncenter.interpharma.ch\/fr\/sujets\/nanomedecine\/1-lavenir-de-la-medecine\/#breadcrumb"},"inLanguage":"fr-FR","potentialAction":[{"@type":"ReadAction","target":["https:\/\/biotechlerncenter.interpharma.ch\/fr\/sujets\/nanomedecine\/1-lavenir-de-la-medecine\/"]}]},{"@type":"ImageObject","inLanguage":"fr-FR","@id":"https:\/\/biotechlerncenter.interpharma.ch\/fr\/sujets\/nanomedecine\/1-lavenir-de-la-medecine\/#primaryimage","url":"https:\/\/biotechlerncenter.interpharma.ch\/wp-content\/uploads\/sites\/4\/2020\/02\/nanoconteneurs.jpg","contentUrl":"https:\/\/biotechlerncenter.interpharma.ch\/wp-content\/uploads\/sites\/4\/2020\/02\/nanoconteneurs.jpg"},{"@type":"BreadcrumbList","@id":"https:\/\/biotechlerncenter.interpharma.ch\/fr\/sujets\/nanomedecine\/1-lavenir-de-la-medecine\/#breadcrumb","itemListElement":[{"@type":"ListItem","position":1,"name":"Start","item":"https:\/\/biotechlerncenter.interpharma.ch\/fr\/"},{"@type":"ListItem","position":2,"name":"Sujets","item":"https:\/\/biotechlerncenter.interpharma.ch\/fr\/sujets\/"},{"@type":"ListItem","position":3,"name":"Nanom\u00e9decine","item":"https:\/\/biotechlerncenter.interpharma.ch\/fr\/sujets\/nanomedecine\/"},{"@type":"ListItem","position":4,"name":"1. L&rsquo;avenir de la m\u00e9decine"}]},{"@type":"WebSite","@id":"https:\/\/biotechlerncenter.interpharma.ch\/#website","url":"https:\/\/biotechlerncenter.interpharma.ch\/","name":"biotechlerncenter","description":"","potentialAction":[{"@type":"SearchAction","target":{"@type":"EntryPoint","urlTemplate":"https:\/\/biotechlerncenter.interpharma.ch\/?s={search_term_string}"},"query-input":{"@type":"PropertyValueSpecification","valueRequired":true,"valueName":"search_term_string"}}],"inLanguage":"fr-FR"}]}},"_links":{"self":[{"href":"https:\/\/biotechlerncenter.interpharma.ch\/fr\/wp-json\/wp\/v2\/pages\/786","targetHints":{"allow":["GET"]}}],"collection":[{"href":"https:\/\/biotechlerncenter.interpharma.ch\/fr\/wp-json\/wp\/v2\/pages"}],"about":[{"href":"https:\/\/biotechlerncenter.interpharma.ch\/fr\/wp-json\/wp\/v2\/types\/page"}],"author":[{"embeddable":true,"href":"https:\/\/biotechlerncenter.interpharma.ch\/fr\/wp-json\/wp\/v2\/users\/1"}],"replies":[{"embeddable":true,"href":"https:\/\/biotechlerncenter.interpharma.ch\/fr\/wp-json\/wp\/v2\/comments?post=786"}],"version-history":[{"count":2,"href":"https:\/\/biotechlerncenter.interpharma.ch\/fr\/wp-json\/wp\/v2\/pages\/786\/revisions"}],"predecessor-version":[{"id":3157,"href":"https:\/\/biotechlerncenter.interpharma.ch\/fr\/wp-json\/wp\/v2\/pages\/786\/revisions\/3157"}],"up":[{"embeddable":true,"href":"https:\/\/biotechlerncenter.interpharma.ch\/fr\/wp-json\/wp\/v2\/pages\/826"}],"wp:attachment":[{"href":"https:\/\/biotechlerncenter.interpharma.ch\/fr\/wp-json\/wp\/v2\/media?parent=786"}],"curies":[{"name":"wp","href":"https:\/\/api.w.org\/{rel}","templated":true}]}}