{"id":430,"date":"2026-03-12T17:26:09","date_gmt":"2026-03-12T16:26:09","guid":{"rendered":"https:\/\/biotechlerncenter.iph-multisite.berta-bewegt.ch\/?page_id=430"},"modified":"2026-03-13T16:27:12","modified_gmt":"2026-03-13T15:27:12","slug":"4-developpements-actuels","status":"publish","type":"page","link":"https:\/\/biotechlerncenter.interpharma.ch\/fr\/sujets\/medecine-et-genre-de-limportance-de-la-question-du-sexe\/4-developpements-actuels\/","title":{"rendered":"4. D\u00e9veloppements actuels"},"content":{"rendered":"\n<h2 class=\"wp-block-heading\"><strong><strong>Politique<\/strong><\/strong><\/h2>\n\n\n\n<p>La th\u00e9matique de la m\u00e9decine sensible au genre fait l\u2019objet de d\u00e9bats publics en Suisse et l\u2019int\u00e9r\u00eat est grand. \u00c0 l\u2019\u00e9chelon national, le Conseil f\u00e9d\u00e9ral a adopt\u00e9 en ao\u00fbt 2019 un <a href=\"https:\/\/www.parlament.ch\/de\/ratsbetrieb\/suche-curia-vista\/geschaeft?AffairId=20193910\" target=\"_blank\" rel=\"noreferrer noopener\">postulat<\/a> qui le priait d\u2019indiquer quelles mesures avaient \u00e9t\u00e9 prises ou \u00e9taient \u00e0 promouvoir afin de mieux prendre en compte les besoins des femmes en mati\u00e8re de recherche, de pr\u00e9vention et de soins. Le Conseil national a \u00e9galement approuv\u00e9 cette question le 18&nbsp;juin 2020. Actuellement, trois motions sur ce sujet sont en cours \u00e0 l\u2019Assembl\u00e9e f\u00e9d\u00e9rale:<\/p>\n\n\n\n<p>La <a href=\"https:\/\/www.parlament.ch\/fr\/ratsbetrieb\/suche-curia-vista\/geschaeft?AffairId=20193577\" target=\"_blank\" rel=\"noreferrer noopener\">motion 19.3577 <\/a>demande \u00e0 ce que, en collaboration avec les soci\u00e9t\u00e9s m\u00e9dicales, les aspects de la m\u00e9decine li\u00e9s au sexe soient \u00e9tudi\u00e9s dans les domaines du diagnostic, de l\u2019indication, du traitement, de la recherche et de la pr\u00e9vention.<\/p>\n\n\n\n<p>La <a href=\"https:\/\/www.parlament.ch\/fr\/ratsbetrieb\/suche-curia-vista\/geschaeft?AffairId=20203092\" target=\"_blank\" rel=\"noreferrer noopener\">motion 20.3092<\/a> se concentre sur l\u2019int\u00e9gration de la perspective de genre dans la recherche et la formation m\u00e9dicale.<\/p>\n\n\n\n<p>La <a href=\"https:\/\/www.parlament.ch\/fr\/ratsbetrieb\/suche-curia-vista\/geschaeft?AffairId=20203093\" target=\"_blank\" rel=\"noreferrer noopener\">motion 20.3093<\/a> demande \u00e0 l\u2019Office f\u00e9d\u00e9ral de la sant\u00e9 publique l\u2019int\u00e9gration de la perspective de genre dans la mise en \u0153uvre de la strat\u00e9gie \u00absant\u00e9 2030\u00bb.<\/p>\n\n\n\n<h2 class=\"wp-block-heading\"><strong><strong>Recherche et enseignement<\/strong><\/strong><\/h2>\n\n\n\n<p>La m\u00e9decine de genre est de plus en plus prise en compte dans la recherche m\u00e9dicale et l\u2019enseignement. Les facult\u00e9s de m\u00e9decine et les hautes \u00e9coles int\u00e8grent des modules dans leurs programmes d\u2019enseignement de mani\u00e8re \u00e0 sensibiliser les \u00e9tudiant-e-s \u00e0 cette th\u00e9matique \u00e0 un stade pr\u00e9coce. La clinique universitaire Charit\u00e9 \u00e0 Berlin, l\u2019une des plus grandes d\u2019Europe, est active depuis 2003 d\u00e9j\u00e0 dans ce domaine par le biais d\u2019un centre interdisciplinaire. L\u2019Universit\u00e9 de Zurich pr\u00e9voit pour l\u2019automne 2023 une nouvelle chaire d\u2019enseignement consacr\u00e9e \u00e0 la m\u00e9decine de genre. Cependant, Ute Seeland, membre de la direction de la soci\u00e9t\u00e9 allemande de m\u00e9decine genr\u00e9e \u00abDeutsche Gesellschaft f\u00fcr Geschlechtsspezifische Medizin\u00bb, communique pour l\u2019Allemagne des chiffres d\u00e9cevants: \u00abIl n\u2019y a que 7% environ des facult\u00e9s \u00e0 avoir int\u00e9gr\u00e9 ces connaissances du premier au dernier semestre et une seule universit\u00e9 qui oriente ses examens en cons\u00e9quence.\u00bb<\/p>\n\n\n\n<p>L\u2019int\u00e9r\u00eat est de plus en plus grand \u00e9galement dans la recherche, ce dont t\u00e9moigne le nombre croissant de publications sur la \u00abGender medicine\u00bb:<\/p>\n\n\n\n<figure class=\"wp-block-image size-large\"><img decoding=\"async\" src=\"https:\/\/biotechlerncenter.interpharma.ch\/wp-content\/uploads\/sites\/4\/2023\/04\/230307_Gr3-Diagramm_F-1024x705.jpg\" alt=\"\" class=\"wp-image-7196\"\/><\/figure>\n\n\n\n<p>De m\u00eame, en recherche clinique, on constate des progr\u00e8s, tout au moins aux \u00c9tats-Unis: entre 2010 et 2012, 45% de femmes \u00e9taient repr\u00e9sent\u00e9es.<\/p>\n\n\n\n<h2 class=\"wp-block-heading\">Industrie<\/h2>\n\n\n\n<p>Cette th\u00e9matique prend de l\u2019importance, non seulement \u00e0 l\u2019\u00e9chelon politique et m\u00e9dical, mais aussi dans l\u2019industrie. Celle-ci a reconnu qu\u2019il y a beaucoup de retard \u00e0 rattraper dans le domaine de la sant\u00e9 f\u00e9minine. Tandis qu\u2019on compte beaucoup de travaux de recherche sur des probl\u00e8mes de sant\u00e9 masculins comme les troubles de l\u2019\u00e9rection, on a nettement moins de solutions \u00e0 des probl\u00e8mes de sant\u00e9 r\u00e9pandus chez la femme, comme par exemple l\u2019endom\u00e9triose ou les troubles li\u00e9s \u00e0 la m\u00e9nopause.<\/p>\n\n\n\n<p>De plus en plus d\u2019entreprises dites de \u00abFemTech\u00bb (\u00abFemale Technology\u00bb), qui se consacrent sp\u00e9cifiquement \u00e0 la sant\u00e9 de la femme, viennent occuper cette niche sur le march\u00e9. Des pronostics estiment que d\u2019ici 2025, le march\u00e9 de FemTech va enregistrer une croissance dans le monde entier. De par le monde, plus de 1300 entreprises se consacrent actuellement aux troubles de sant\u00e9 f\u00e9minins, dont bon nombre \u00e9galement en Suisse. La start-up vaudoise \u00abAspivix\u00bb propose par exemple un dispositif qui fonctionne par succion douce afin de remplacer la pince traditionnellement utilis\u00e9e, par exemple pour la pose du st\u00e9rilet, qui cause des douleurs et des saignements. L\u2019entreprise b\u00e2loise \u00abMulier Health\u00bb permet aux femmes de contr\u00f4ler elles-m\u00eames leur sant\u00e9 \u00e0 l\u2019aide d\u2019appareils de mesure et de plateformes personnalis\u00e9es. \u00c0 Zurich, l\u2019entreprise \u00abAva\u00bb propose un bracelet pour le suivi de la fertilit\u00e9 et le spin-off de l\u2019Universit\u00e9 de Zurich \u00abMuvon Therapeutics\u00bb d\u00e9veloppe des formes de traitement pour l\u2019incontinence sp\u00e9cifiquement f\u00e9minine.<\/p>\n","protected":false},"excerpt":{"rendered":"<p>Politique La th\u00e9matique de la m\u00e9decine sensible au genre fait l\u2019objet de d\u00e9bats publics en Suisse et l\u2019int\u00e9r\u00eat est grand. \u00c0 l\u2019\u00e9chelon national, le Conseil f\u00e9d\u00e9ral a adopt\u00e9 en ao\u00fbt 2019 un postulat qui le priait d\u2019indiquer quelles mesures avaient \u00e9t\u00e9 prises ou \u00e9taient \u00e0 promouvoir afin de mieux prendre en compte les besoins des [&hellip;]<\/p>\n","protected":false},"author":1,"featured_media":0,"parent":1268,"menu_order":3,"comment_status":"closed","ping_status":"closed","template":"page-templates\/unterthema.php","meta":{"_acf_changed":false,"inline_featured_image":false,"footnotes":""},"class_list":["post-430","page","type-page","status-publish","hentry"],"acf":[],"yoast_head":"<!-- This site is optimized with the Yoast SEO Premium plugin v27.2 (Yoast SEO v27.2) - https:\/\/yoast.com\/product\/yoast-seo-premium-wordpress\/ -->\n<title>4. D\u00e9veloppements actuels - biotechlerncenter<\/title>\n<meta name=\"robots\" content=\"index, follow, max-snippet:-1, max-image-preview:large, max-video-preview:-1\" \/>\n<link rel=\"canonical\" href=\"https:\/\/biotechlerncenter.interpharma.ch\/themen\/gendermedizin-warum-die-frage-nach-dem-geschlecht-wichtig-ist\/4-aktuelle-entwicklungen\/\" \/>\n<meta property=\"og:locale\" content=\"fr_FR\" \/>\n<meta property=\"og:type\" content=\"article\" \/>\n<meta property=\"og:title\" content=\"4. D\u00e9veloppements actuels\" \/>\n<meta property=\"og:description\" content=\"Politique La th\u00e9matique de la m\u00e9decine sensible au genre fait l\u2019objet de d\u00e9bats publics en Suisse et l\u2019int\u00e9r\u00eat est grand. \u00c0 l\u2019\u00e9chelon national, le Conseil f\u00e9d\u00e9ral a adopt\u00e9 en ao\u00fbt 2019 un postulat qui le priait d\u2019indiquer quelles mesures avaient \u00e9t\u00e9 prises ou \u00e9taient \u00e0 promouvoir afin de mieux prendre en compte les besoins des [&hellip;]\" \/>\n<meta property=\"og:url\" content=\"https:\/\/biotechlerncenter.interpharma.ch\/themen\/gendermedizin-warum-die-frage-nach-dem-geschlecht-wichtig-ist\/4-aktuelle-entwicklungen\/\" \/>\n<meta property=\"og:site_name\" content=\"biotechlerncenter\" \/>\n<meta property=\"article:modified_time\" content=\"2026-03-13T15:27:12+00:00\" \/>\n<meta property=\"og:image\" content=\"https:\/\/biotechlerncenter.interpharma.ch\/wp-content\/uploads\/sites\/4\/2023\/04\/230307_Gr3-Diagramm_F-1024x705.jpg\" \/>\n<meta name=\"twitter:card\" content=\"summary_large_image\" \/>\n<meta name=\"twitter:label1\" content=\"Dur\u00e9e de lecture estim\u00e9e\" \/>\n\t<meta name=\"twitter:data1\" content=\"4 minutes\" \/>\n<script type=\"application\/ld+json\" class=\"yoast-schema-graph\">{\"@context\":\"https:\/\/schema.org\",\"@graph\":[{\"@type\":\"WebPage\",\"@id\":\"https:\/\/biotechlerncenter.interpharma.ch\/themen\/gendermedizin-warum-die-frage-nach-dem-geschlecht-wichtig-ist\/4-aktuelle-entwicklungen\/\",\"url\":\"https:\/\/biotechlerncenter.interpharma.ch\/themen\/gendermedizin-warum-die-frage-nach-dem-geschlecht-wichtig-ist\/4-aktuelle-entwicklungen\/\",\"name\":\"4. D\u00e9veloppements actuels - biotechlerncenter\",\"isPartOf\":{\"@id\":\"https:\/\/biotechlerncenter.interpharma.ch\/#website\"},\"primaryImageOfPage\":{\"@id\":\"https:\/\/biotechlerncenter.interpharma.ch\/themen\/gendermedizin-warum-die-frage-nach-dem-geschlecht-wichtig-ist\/4-aktuelle-entwicklungen\/#primaryimage\"},\"image\":{\"@id\":\"https:\/\/biotechlerncenter.interpharma.ch\/themen\/gendermedizin-warum-die-frage-nach-dem-geschlecht-wichtig-ist\/4-aktuelle-entwicklungen\/#primaryimage\"},\"thumbnailUrl\":\"https:\/\/biotechlerncenter.interpharma.ch\/wp-content\/uploads\/sites\/4\/2023\/04\/230307_Gr3-Diagramm_F-1024x705.jpg\",\"datePublished\":\"2026-03-12T16:26:09+00:00\",\"dateModified\":\"2026-03-13T15:27:12+00:00\",\"breadcrumb\":{\"@id\":\"https:\/\/biotechlerncenter.interpharma.ch\/themen\/gendermedizin-warum-die-frage-nach-dem-geschlecht-wichtig-ist\/4-aktuelle-entwicklungen\/#breadcrumb\"},\"inLanguage\":\"fr-FR\",\"potentialAction\":[{\"@type\":\"ReadAction\",\"target\":[\"https:\/\/biotechlerncenter.interpharma.ch\/themen\/gendermedizin-warum-die-frage-nach-dem-geschlecht-wichtig-ist\/4-aktuelle-entwicklungen\/\"]}]},{\"@type\":\"ImageObject\",\"inLanguage\":\"fr-FR\",\"@id\":\"https:\/\/biotechlerncenter.interpharma.ch\/themen\/gendermedizin-warum-die-frage-nach-dem-geschlecht-wichtig-ist\/4-aktuelle-entwicklungen\/#primaryimage\",\"url\":\"https:\/\/biotechlerncenter.interpharma.ch\/wp-content\/uploads\/sites\/4\/2023\/04\/230307_Gr3-Diagramm_F-1024x705.jpg\",\"contentUrl\":\"https:\/\/biotechlerncenter.interpharma.ch\/wp-content\/uploads\/sites\/4\/2023\/04\/230307_Gr3-Diagramm_F-1024x705.jpg\"},{\"@type\":\"BreadcrumbList\",\"@id\":\"https:\/\/biotechlerncenter.interpharma.ch\/themen\/gendermedizin-warum-die-frage-nach-dem-geschlecht-wichtig-ist\/4-aktuelle-entwicklungen\/#breadcrumb\",\"itemListElement\":[{\"@type\":\"ListItem\",\"position\":1,\"name\":\"Start\",\"item\":\"https:\/\/biotechlerncenter.interpharma.ch\/fr\/\"},{\"@type\":\"ListItem\",\"position\":2,\"name\":\"Sujets\",\"item\":\"https:\/\/biotechlerncenter.interpharma.ch\/fr\/sujets\/\"},{\"@type\":\"ListItem\",\"position\":3,\"name\":\"M\u00e9decine et genre: de l\u2019importance de la question du sexe\",\"item\":\"https:\/\/biotechlerncenter.interpharma.ch\/fr\/sujets\/medecine-et-genre-de-limportance-de-la-question-du-sexe\/\"},{\"@type\":\"ListItem\",\"position\":4,\"name\":\"4. D\u00e9veloppements actuels\"}]},{\"@type\":\"WebSite\",\"@id\":\"https:\/\/biotechlerncenter.interpharma.ch\/#website\",\"url\":\"https:\/\/biotechlerncenter.interpharma.ch\/\",\"name\":\"biotechlerncenter\",\"description\":\"\",\"potentialAction\":[{\"@type\":\"SearchAction\",\"target\":{\"@type\":\"EntryPoint\",\"urlTemplate\":\"https:\/\/biotechlerncenter.interpharma.ch\/?s={search_term_string}\"},\"query-input\":{\"@type\":\"PropertyValueSpecification\",\"valueRequired\":true,\"valueName\":\"search_term_string\"}}],\"inLanguage\":\"fr-FR\"}]}<\/script>\n<!-- \/ Yoast SEO Premium plugin. -->","yoast_head_json":{"title":"4. D\u00e9veloppements actuels - biotechlerncenter","robots":{"index":"index","follow":"follow","max-snippet":"max-snippet:-1","max-image-preview":"max-image-preview:large","max-video-preview":"max-video-preview:-1"},"canonical":"https:\/\/biotechlerncenter.interpharma.ch\/themen\/gendermedizin-warum-die-frage-nach-dem-geschlecht-wichtig-ist\/4-aktuelle-entwicklungen\/","og_locale":"fr_FR","og_type":"article","og_title":"4. D\u00e9veloppements actuels","og_description":"Politique La th\u00e9matique de la m\u00e9decine sensible au genre fait l\u2019objet de d\u00e9bats publics en Suisse et l\u2019int\u00e9r\u00eat est grand. \u00c0 l\u2019\u00e9chelon national, le Conseil f\u00e9d\u00e9ral a adopt\u00e9 en ao\u00fbt 2019 un postulat qui le priait d\u2019indiquer quelles mesures avaient \u00e9t\u00e9 prises ou \u00e9taient \u00e0 promouvoir afin de mieux prendre en compte les besoins des [&hellip;]","og_url":"https:\/\/biotechlerncenter.interpharma.ch\/themen\/gendermedizin-warum-die-frage-nach-dem-geschlecht-wichtig-ist\/4-aktuelle-entwicklungen\/","og_site_name":"biotechlerncenter","article_modified_time":"2026-03-13T15:27:12+00:00","og_image":[{"url":"https:\/\/biotechlerncenter.interpharma.ch\/wp-content\/uploads\/sites\/4\/2023\/04\/230307_Gr3-Diagramm_F-1024x705.jpg","type":"","width":"","height":""}],"twitter_card":"summary_large_image","twitter_misc":{"Dur\u00e9e de lecture estim\u00e9e":"4 minutes"},"schema":{"@context":"https:\/\/schema.org","@graph":[{"@type":"WebPage","@id":"https:\/\/biotechlerncenter.interpharma.ch\/themen\/gendermedizin-warum-die-frage-nach-dem-geschlecht-wichtig-ist\/4-aktuelle-entwicklungen\/","url":"https:\/\/biotechlerncenter.interpharma.ch\/themen\/gendermedizin-warum-die-frage-nach-dem-geschlecht-wichtig-ist\/4-aktuelle-entwicklungen\/","name":"4. D\u00e9veloppements actuels - biotechlerncenter","isPartOf":{"@id":"https:\/\/biotechlerncenter.interpharma.ch\/#website"},"primaryImageOfPage":{"@id":"https:\/\/biotechlerncenter.interpharma.ch\/themen\/gendermedizin-warum-die-frage-nach-dem-geschlecht-wichtig-ist\/4-aktuelle-entwicklungen\/#primaryimage"},"image":{"@id":"https:\/\/biotechlerncenter.interpharma.ch\/themen\/gendermedizin-warum-die-frage-nach-dem-geschlecht-wichtig-ist\/4-aktuelle-entwicklungen\/#primaryimage"},"thumbnailUrl":"https:\/\/biotechlerncenter.interpharma.ch\/wp-content\/uploads\/sites\/4\/2023\/04\/230307_Gr3-Diagramm_F-1024x705.jpg","datePublished":"2026-03-12T16:26:09+00:00","dateModified":"2026-03-13T15:27:12+00:00","breadcrumb":{"@id":"https:\/\/biotechlerncenter.interpharma.ch\/themen\/gendermedizin-warum-die-frage-nach-dem-geschlecht-wichtig-ist\/4-aktuelle-entwicklungen\/#breadcrumb"},"inLanguage":"fr-FR","potentialAction":[{"@type":"ReadAction","target":["https:\/\/biotechlerncenter.interpharma.ch\/themen\/gendermedizin-warum-die-frage-nach-dem-geschlecht-wichtig-ist\/4-aktuelle-entwicklungen\/"]}]},{"@type":"ImageObject","inLanguage":"fr-FR","@id":"https:\/\/biotechlerncenter.interpharma.ch\/themen\/gendermedizin-warum-die-frage-nach-dem-geschlecht-wichtig-ist\/4-aktuelle-entwicklungen\/#primaryimage","url":"https:\/\/biotechlerncenter.interpharma.ch\/wp-content\/uploads\/sites\/4\/2023\/04\/230307_Gr3-Diagramm_F-1024x705.jpg","contentUrl":"https:\/\/biotechlerncenter.interpharma.ch\/wp-content\/uploads\/sites\/4\/2023\/04\/230307_Gr3-Diagramm_F-1024x705.jpg"},{"@type":"BreadcrumbList","@id":"https:\/\/biotechlerncenter.interpharma.ch\/themen\/gendermedizin-warum-die-frage-nach-dem-geschlecht-wichtig-ist\/4-aktuelle-entwicklungen\/#breadcrumb","itemListElement":[{"@type":"ListItem","position":1,"name":"Start","item":"https:\/\/biotechlerncenter.interpharma.ch\/fr\/"},{"@type":"ListItem","position":2,"name":"Sujets","item":"https:\/\/biotechlerncenter.interpharma.ch\/fr\/sujets\/"},{"@type":"ListItem","position":3,"name":"M\u00e9decine et genre: de l\u2019importance de la question du sexe","item":"https:\/\/biotechlerncenter.interpharma.ch\/fr\/sujets\/medecine-et-genre-de-limportance-de-la-question-du-sexe\/"},{"@type":"ListItem","position":4,"name":"4. D\u00e9veloppements actuels"}]},{"@type":"WebSite","@id":"https:\/\/biotechlerncenter.interpharma.ch\/#website","url":"https:\/\/biotechlerncenter.interpharma.ch\/","name":"biotechlerncenter","description":"","potentialAction":[{"@type":"SearchAction","target":{"@type":"EntryPoint","urlTemplate":"https:\/\/biotechlerncenter.interpharma.ch\/?s={search_term_string}"},"query-input":{"@type":"PropertyValueSpecification","valueRequired":true,"valueName":"search_term_string"}}],"inLanguage":"fr-FR"}]}},"_links":{"self":[{"href":"https:\/\/biotechlerncenter.interpharma.ch\/fr\/wp-json\/wp\/v2\/pages\/430","targetHints":{"allow":["GET"]}}],"collection":[{"href":"https:\/\/biotechlerncenter.interpharma.ch\/fr\/wp-json\/wp\/v2\/pages"}],"about":[{"href":"https:\/\/biotechlerncenter.interpharma.ch\/fr\/wp-json\/wp\/v2\/types\/page"}],"author":[{"embeddable":true,"href":"https:\/\/biotechlerncenter.interpharma.ch\/fr\/wp-json\/wp\/v2\/users\/1"}],"replies":[{"embeddable":true,"href":"https:\/\/biotechlerncenter.interpharma.ch\/fr\/wp-json\/wp\/v2\/comments?post=430"}],"version-history":[{"count":2,"href":"https:\/\/biotechlerncenter.interpharma.ch\/fr\/wp-json\/wp\/v2\/pages\/430\/revisions"}],"predecessor-version":[{"id":3031,"href":"https:\/\/biotechlerncenter.interpharma.ch\/fr\/wp-json\/wp\/v2\/pages\/430\/revisions\/3031"}],"up":[{"embeddable":true,"href":"https:\/\/biotechlerncenter.interpharma.ch\/fr\/wp-json\/wp\/v2\/pages\/1268"}],"wp:attachment":[{"href":"https:\/\/biotechlerncenter.interpharma.ch\/fr\/wp-json\/wp\/v2\/media?parent=430"}],"curies":[{"name":"wp","href":"https:\/\/api.w.org\/{rel}","templated":true}]}}