{"id":394,"date":"2026-03-12T17:26:07","date_gmt":"2026-03-12T16:26:07","guid":{"rendered":"https:\/\/biotechlerncenter.iph-multisite.berta-bewegt.ch\/?page_id=394"},"modified":"2026-03-13T15:57:12","modified_gmt":"2026-03-13T14:57:12","slug":"ethische-aspekte","status":"publish","type":"page","link":"https:\/\/biotechlerncenter.interpharma.ch\/fr\/sujets\/psychische-gesundheit-jugendliche-schweiz\/ethische-aspekte\/","title":{"rendered":"5. Aspects \u00e9thiques"},"content":{"rendered":"\n<p><em>Le fait que les enfants et les adolescent-e-s soient touch\u00e9-e-s par des souffrances psychiques et le degr\u00e9 de gravit\u00e9 de celles-ci d\u00e9pendent non seulement de leurs comp\u00e9tences individuelles et de leurs pr\u00e9dispositions g\u00e9n\u00e9tiques, mais aussi de leur environnement social. Un \u00e9l\u00e9ment probl\u00e9matique est que tous\/toutes les jeunes n\u2019ont pas acc\u00e8s \u00e0 \u00e9galit\u00e9 aux offres d\u2019aide.<\/em><\/p>\n\n\n\n<p>Des facteurs sociaux qui influencent l\u2019existence de probl\u00e8mes psychiques sont par exemple le soutien social ou le statut socio-\u00e9conomique (lequel d\u00e9pend entre autres des revenus de la famille, de la profession des parents et de leur niveau de formation). Les facteurs structurels sont par exemple l\u2019acc\u00e8s au syst\u00e8me de prise en charge ou la pr\u00e9sence d\u2019offres de d\u00e9pistage des probl\u00e8mes psychiques.<\/p>\n\n\n\n<p>Divers aspects sont controvers\u00e9s dans le contexte du d\u00e9pistage et du traitement des troubles psychiques des jeunes en Suisse, par exemple:<\/p>\n\n\n\n<ul class=\"wp-block-list\">\n<li>En Suisse, tous\/toutes les jeunes n\u2019ont pas un acc\u00e8s \u00e9gal \u00e0 la prise en charge (\u00e9galit\u00e9 des chances).<\/li>\n\n\n\n<li>En fonction de la caisse-maladie, certaines formes de th\u00e9rapie sont prises en charge et d\u2019autres non. Cela peut avoir des effets dramatiques pour les patient-e-s.<\/li>\n\n\n\n<li>Les places en th\u00e9rapie sont rares. Si un-e jeune atteint-e d\u2019un trouble psychique s\u00e9rieux doit attendre tr\u00e8s longtemps une place, cela peut avoir des cons\u00e9quences graves.<\/li>\n<\/ul>\n\n\n\n<p><strong>R\u00e9duire les souffrances psychiques<\/strong> Comme le signale un Rapport de la Commission f\u00e9d\u00e9rale pour l\u2019enfance et la jeunesse<sup>1<\/sup>, il est donc trop fr\u00e9quent que les jeunes ne trouvent pas le soutien professionnel dont ils ou elles ont besoin. Les auteur-e-s recommandent toute une s\u00e9rie de mesures pour renforcer la sant\u00e9 mentale des enfants et des adolescent-e-s, par exemple un monitoring \u00e0 long terme, la modification des conditions structurelles (c\u2019est-\u00e0-dire l\u2019am\u00e9lioration des conditions de vie des jeunes), ainsi que des mesures au niveau de la pr\u00e9vention et de la prise en charge. Les auteur-e-s pr\u00e9conisent aussi de renforcer la participation politique et sociale des enfants et des jeunes. En particulier vu les incertitudes mondiales auxquelles les jeunes sont confront\u00e9-e-s de nos jours, par exemple crise climatique, guerres et pand\u00e9mies, il est crucial de renforcer leurs comp\u00e9tences m\u00e9diatiques et leur r\u00e9silience. \u00catre confront\u00e9-e en permanence \u00e0 des nouvelles sur ces sujets peut s\u2019av\u00e9rer anxiog\u00e8ne et les jeunes ont besoin d\u2019outils pour g\u00e9rer ces incertitudes et les souffrances psychiques qui en d\u00e9coulent.<\/p>\n\n\n\n<figure class=\"wp-block-image size-large is-resized\"><img decoding=\"async\" src=\"https:\/\/biotechlerncenter.interpharma.ch\/wp-content\/uploads\/sites\/4\/2025\/07\/johnny-cohen-iTxfTp1rnP0-unsplash-1024x683.jpg\" alt=\"\" class=\"wp-image-7665\" style=\"width:499px;height:auto\"\/><figcaption class=\"wp-element-caption\"><em>Source: Unsplash \/ Johnny Cohen<\/em><\/figcaption><\/figure>\n\n\n\n<p><strong>R\u00f4le des m\u00e9dias sociaux<\/strong><br>Nous avons examin\u00e9 au chapitre\u00a01 l\u2019impact des m\u00e9dias sociaux sur la sant\u00e9 mentale des enfants et des adolescent-e-s. Vu les cons\u00e9quences multiples que ceux-ci peuvent avoir, on est en droit de se demander dans quelle mesure les prestataires de r\u00e9seaux sociaux ont une responsabilit\u00e9, en particulier lorsque les usagers\/-\u00e8res sont mineur-e-s. C\u2019est pourquoi on entend de plus en plus souvent demander que les plateformes prot\u00e8gent leurs usagers\/-\u00e8res, soient s\u00e9curis\u00e9es et que les contenus anxiog\u00e8nes n\u2019y aient pas leur place. Pour cela, il faut par exemple que les contenus soient contr\u00f4l\u00e9s et que des offres d\u2019aide y prennent une place bien visible. En Australie, le Parlement a m\u00eame d\u00e9cid\u00e9 d\u2019interdire l\u2019acc\u00e8s aux r\u00e9seaux sociaux aux moins de 16\u00a0ans, l\u2019une des mesures les plus strictes au monde sur les plateformes comme TikTok, Instagram ou Facebook. L\u2019effet de cette nouvelle loi sur la sant\u00e9 mentale des jeunes reste \u00e0 voir.<\/p>\n\n\n\n<p><sup>1<\/sup><a href=\"https:\/\/ekkj.admin.ch\/fileadmin\/user_upload\/ekkj\/02pubblikationen\/Positionspapier\/f_Position_CFEJ_Promouvoir_la_sante_mentale_des_enfants_et_des_jeunes_sur_le_long_terme.pdf\" target=\"_blank\" rel=\"noreferrer noopener\">Promouvoir la sant\u00e9 mentale des enfants et des jeunes sur le long terme<\/a> \u2013 Position de la Commission f\u00e9d\u00e9rale pour l\u2019enfance et la jeunesse (CFEJ), mars 2024.<\/p>\n","protected":false},"excerpt":{"rendered":"<p>Le fait que les enfants et les adolescent-e-s soient touch\u00e9-e-s par des souffrances psychiques et le degr\u00e9 de gravit\u00e9 de celles-ci d\u00e9pendent non seulement de leurs comp\u00e9tences individuelles et de leurs pr\u00e9dispositions g\u00e9n\u00e9tiques, mais aussi de leur environnement social. Un \u00e9l\u00e9ment probl\u00e9matique est que tous\/toutes les jeunes n\u2019ont pas acc\u00e8s \u00e0 \u00e9galit\u00e9 aux offres d\u2019aide. [&hellip;]<\/p>\n","protected":false},"author":1,"featured_media":0,"parent":378,"menu_order":4,"comment_status":"closed","ping_status":"closed","template":"page-templates\/unterthema.php","meta":{"_acf_changed":false,"inline_featured_image":false,"footnotes":""},"class_list":["post-394","page","type-page","status-publish","hentry"],"acf":[],"yoast_head":"<!-- This site is optimized with the Yoast SEO Premium plugin v27.2 (Yoast SEO v27.2) - https:\/\/yoast.com\/product\/yoast-seo-premium-wordpress\/ -->\n<title>5. Aspects \u00e9thiques - biotechlerncenter<\/title>\n<meta name=\"robots\" content=\"index, follow, max-snippet:-1, max-image-preview:large, max-video-preview:-1\" \/>\n<link rel=\"canonical\" href=\"https:\/\/biotechlerncenter.interpharma.ch\/themen\/psychische-gesundheit-jugendliche-schweiz\/ethische-aspekte\/\" \/>\n<meta property=\"og:locale\" content=\"fr_FR\" \/>\n<meta property=\"og:type\" content=\"article\" \/>\n<meta property=\"og:title\" content=\"5. Aspects \u00e9thiques\" \/>\n<meta property=\"og:description\" content=\"Le fait que les enfants et les adolescent-e-s soient touch\u00e9-e-s par des souffrances psychiques et le degr\u00e9 de gravit\u00e9 de celles-ci d\u00e9pendent non seulement de leurs comp\u00e9tences individuelles et de leurs pr\u00e9dispositions g\u00e9n\u00e9tiques, mais aussi de leur environnement social. Un \u00e9l\u00e9ment probl\u00e9matique est que tous\/toutes les jeunes n\u2019ont pas acc\u00e8s \u00e0 \u00e9galit\u00e9 aux offres d\u2019aide. [&hellip;]\" \/>\n<meta property=\"og:url\" content=\"https:\/\/biotechlerncenter.interpharma.ch\/themen\/psychische-gesundheit-jugendliche-schweiz\/ethische-aspekte\/\" \/>\n<meta property=\"og:site_name\" content=\"biotechlerncenter\" \/>\n<meta property=\"article:modified_time\" content=\"2026-03-13T14:57:12+00:00\" \/>\n<meta property=\"og:image\" content=\"https:\/\/biotechlerncenter.interpharma.ch\/wp-content\/uploads\/sites\/4\/2025\/07\/johnny-cohen-iTxfTp1rnP0-unsplash-1024x683.jpg\" \/>\n<meta name=\"twitter:card\" content=\"summary_large_image\" \/>\n<meta name=\"twitter:label1\" content=\"Dur\u00e9e de lecture estim\u00e9e\" \/>\n\t<meta name=\"twitter:data1\" content=\"4 minutes\" \/>\n<script type=\"application\/ld+json\" class=\"yoast-schema-graph\">{\"@context\":\"https:\/\/schema.org\",\"@graph\":[{\"@type\":\"WebPage\",\"@id\":\"https:\/\/biotechlerncenter.interpharma.ch\/themen\/psychische-gesundheit-jugendliche-schweiz\/ethische-aspekte\/\",\"url\":\"https:\/\/biotechlerncenter.interpharma.ch\/themen\/psychische-gesundheit-jugendliche-schweiz\/ethische-aspekte\/\",\"name\":\"5. Aspects \u00e9thiques - biotechlerncenter\",\"isPartOf\":{\"@id\":\"https:\/\/biotechlerncenter.interpharma.ch\/#website\"},\"primaryImageOfPage\":{\"@id\":\"https:\/\/biotechlerncenter.interpharma.ch\/themen\/psychische-gesundheit-jugendliche-schweiz\/ethische-aspekte\/#primaryimage\"},\"image\":{\"@id\":\"https:\/\/biotechlerncenter.interpharma.ch\/themen\/psychische-gesundheit-jugendliche-schweiz\/ethische-aspekte\/#primaryimage\"},\"thumbnailUrl\":\"https:\/\/biotechlerncenter.interpharma.ch\/wp-content\/uploads\/sites\/4\/2025\/07\/johnny-cohen-iTxfTp1rnP0-unsplash-1024x683.jpg\",\"datePublished\":\"2026-03-12T16:26:07+00:00\",\"dateModified\":\"2026-03-13T14:57:12+00:00\",\"breadcrumb\":{\"@id\":\"https:\/\/biotechlerncenter.interpharma.ch\/themen\/psychische-gesundheit-jugendliche-schweiz\/ethische-aspekte\/#breadcrumb\"},\"inLanguage\":\"fr-FR\",\"potentialAction\":[{\"@type\":\"ReadAction\",\"target\":[\"https:\/\/biotechlerncenter.interpharma.ch\/themen\/psychische-gesundheit-jugendliche-schweiz\/ethische-aspekte\/\"]}]},{\"@type\":\"ImageObject\",\"inLanguage\":\"fr-FR\",\"@id\":\"https:\/\/biotechlerncenter.interpharma.ch\/themen\/psychische-gesundheit-jugendliche-schweiz\/ethische-aspekte\/#primaryimage\",\"url\":\"https:\/\/biotechlerncenter.interpharma.ch\/wp-content\/uploads\/sites\/4\/2025\/07\/johnny-cohen-iTxfTp1rnP0-unsplash-1024x683.jpg\",\"contentUrl\":\"https:\/\/biotechlerncenter.interpharma.ch\/wp-content\/uploads\/sites\/4\/2025\/07\/johnny-cohen-iTxfTp1rnP0-unsplash-1024x683.jpg\"},{\"@type\":\"BreadcrumbList\",\"@id\":\"https:\/\/biotechlerncenter.interpharma.ch\/themen\/psychische-gesundheit-jugendliche-schweiz\/ethische-aspekte\/#breadcrumb\",\"itemListElement\":[{\"@type\":\"ListItem\",\"position\":1,\"name\":\"Start\",\"item\":\"https:\/\/biotechlerncenter.interpharma.ch\/fr\/\"},{\"@type\":\"ListItem\",\"position\":2,\"name\":\"Sujets\",\"item\":\"https:\/\/biotechlerncenter.interpharma.ch\/fr\/sujets\/\"},{\"@type\":\"ListItem\",\"position\":3,\"name\":\"Entre les \u00abj\u2019aime\u00bb et la pression \u00e0 la performance: sant\u00e9 psychique des jeunes en Suisse\",\"item\":\"https:\/\/biotechlerncenter.interpharma.ch\/fr\/sujets\/psychische-gesundheit-jugendliche-schweiz\/\"},{\"@type\":\"ListItem\",\"position\":4,\"name\":\"5. Aspects \u00e9thiques\"}]},{\"@type\":\"WebSite\",\"@id\":\"https:\/\/biotechlerncenter.interpharma.ch\/#website\",\"url\":\"https:\/\/biotechlerncenter.interpharma.ch\/\",\"name\":\"biotechlerncenter\",\"description\":\"\",\"potentialAction\":[{\"@type\":\"SearchAction\",\"target\":{\"@type\":\"EntryPoint\",\"urlTemplate\":\"https:\/\/biotechlerncenter.interpharma.ch\/?s={search_term_string}\"},\"query-input\":{\"@type\":\"PropertyValueSpecification\",\"valueRequired\":true,\"valueName\":\"search_term_string\"}}],\"inLanguage\":\"fr-FR\"}]}<\/script>\n<!-- \/ Yoast SEO Premium plugin. -->","yoast_head_json":{"title":"5. Aspects \u00e9thiques - biotechlerncenter","robots":{"index":"index","follow":"follow","max-snippet":"max-snippet:-1","max-image-preview":"max-image-preview:large","max-video-preview":"max-video-preview:-1"},"canonical":"https:\/\/biotechlerncenter.interpharma.ch\/themen\/psychische-gesundheit-jugendliche-schweiz\/ethische-aspekte\/","og_locale":"fr_FR","og_type":"article","og_title":"5. Aspects \u00e9thiques","og_description":"Le fait que les enfants et les adolescent-e-s soient touch\u00e9-e-s par des souffrances psychiques et le degr\u00e9 de gravit\u00e9 de celles-ci d\u00e9pendent non seulement de leurs comp\u00e9tences individuelles et de leurs pr\u00e9dispositions g\u00e9n\u00e9tiques, mais aussi de leur environnement social. Un \u00e9l\u00e9ment probl\u00e9matique est que tous\/toutes les jeunes n\u2019ont pas acc\u00e8s \u00e0 \u00e9galit\u00e9 aux offres d\u2019aide. [&hellip;]","og_url":"https:\/\/biotechlerncenter.interpharma.ch\/themen\/psychische-gesundheit-jugendliche-schweiz\/ethische-aspekte\/","og_site_name":"biotechlerncenter","article_modified_time":"2026-03-13T14:57:12+00:00","og_image":[{"url":"https:\/\/biotechlerncenter.interpharma.ch\/wp-content\/uploads\/sites\/4\/2025\/07\/johnny-cohen-iTxfTp1rnP0-unsplash-1024x683.jpg","type":"","width":"","height":""}],"twitter_card":"summary_large_image","twitter_misc":{"Dur\u00e9e de lecture estim\u00e9e":"4 minutes"},"schema":{"@context":"https:\/\/schema.org","@graph":[{"@type":"WebPage","@id":"https:\/\/biotechlerncenter.interpharma.ch\/themen\/psychische-gesundheit-jugendliche-schweiz\/ethische-aspekte\/","url":"https:\/\/biotechlerncenter.interpharma.ch\/themen\/psychische-gesundheit-jugendliche-schweiz\/ethische-aspekte\/","name":"5. Aspects \u00e9thiques - biotechlerncenter","isPartOf":{"@id":"https:\/\/biotechlerncenter.interpharma.ch\/#website"},"primaryImageOfPage":{"@id":"https:\/\/biotechlerncenter.interpharma.ch\/themen\/psychische-gesundheit-jugendliche-schweiz\/ethische-aspekte\/#primaryimage"},"image":{"@id":"https:\/\/biotechlerncenter.interpharma.ch\/themen\/psychische-gesundheit-jugendliche-schweiz\/ethische-aspekte\/#primaryimage"},"thumbnailUrl":"https:\/\/biotechlerncenter.interpharma.ch\/wp-content\/uploads\/sites\/4\/2025\/07\/johnny-cohen-iTxfTp1rnP0-unsplash-1024x683.jpg","datePublished":"2026-03-12T16:26:07+00:00","dateModified":"2026-03-13T14:57:12+00:00","breadcrumb":{"@id":"https:\/\/biotechlerncenter.interpharma.ch\/themen\/psychische-gesundheit-jugendliche-schweiz\/ethische-aspekte\/#breadcrumb"},"inLanguage":"fr-FR","potentialAction":[{"@type":"ReadAction","target":["https:\/\/biotechlerncenter.interpharma.ch\/themen\/psychische-gesundheit-jugendliche-schweiz\/ethische-aspekte\/"]}]},{"@type":"ImageObject","inLanguage":"fr-FR","@id":"https:\/\/biotechlerncenter.interpharma.ch\/themen\/psychische-gesundheit-jugendliche-schweiz\/ethische-aspekte\/#primaryimage","url":"https:\/\/biotechlerncenter.interpharma.ch\/wp-content\/uploads\/sites\/4\/2025\/07\/johnny-cohen-iTxfTp1rnP0-unsplash-1024x683.jpg","contentUrl":"https:\/\/biotechlerncenter.interpharma.ch\/wp-content\/uploads\/sites\/4\/2025\/07\/johnny-cohen-iTxfTp1rnP0-unsplash-1024x683.jpg"},{"@type":"BreadcrumbList","@id":"https:\/\/biotechlerncenter.interpharma.ch\/themen\/psychische-gesundheit-jugendliche-schweiz\/ethische-aspekte\/#breadcrumb","itemListElement":[{"@type":"ListItem","position":1,"name":"Start","item":"https:\/\/biotechlerncenter.interpharma.ch\/fr\/"},{"@type":"ListItem","position":2,"name":"Sujets","item":"https:\/\/biotechlerncenter.interpharma.ch\/fr\/sujets\/"},{"@type":"ListItem","position":3,"name":"Entre les \u00abj\u2019aime\u00bb et la pression \u00e0 la performance: sant\u00e9 psychique des jeunes en Suisse","item":"https:\/\/biotechlerncenter.interpharma.ch\/fr\/sujets\/psychische-gesundheit-jugendliche-schweiz\/"},{"@type":"ListItem","position":4,"name":"5. Aspects \u00e9thiques"}]},{"@type":"WebSite","@id":"https:\/\/biotechlerncenter.interpharma.ch\/#website","url":"https:\/\/biotechlerncenter.interpharma.ch\/","name":"biotechlerncenter","description":"","potentialAction":[{"@type":"SearchAction","target":{"@type":"EntryPoint","urlTemplate":"https:\/\/biotechlerncenter.interpharma.ch\/?s={search_term_string}"},"query-input":{"@type":"PropertyValueSpecification","valueRequired":true,"valueName":"search_term_string"}}],"inLanguage":"fr-FR"}]}},"_links":{"self":[{"href":"https:\/\/biotechlerncenter.interpharma.ch\/fr\/wp-json\/wp\/v2\/pages\/394","targetHints":{"allow":["GET"]}}],"collection":[{"href":"https:\/\/biotechlerncenter.interpharma.ch\/fr\/wp-json\/wp\/v2\/pages"}],"about":[{"href":"https:\/\/biotechlerncenter.interpharma.ch\/fr\/wp-json\/wp\/v2\/types\/page"}],"author":[{"embeddable":true,"href":"https:\/\/biotechlerncenter.interpharma.ch\/fr\/wp-json\/wp\/v2\/users\/1"}],"replies":[{"embeddable":true,"href":"https:\/\/biotechlerncenter.interpharma.ch\/fr\/wp-json\/wp\/v2\/comments?post=394"}],"version-history":[{"count":2,"href":"https:\/\/biotechlerncenter.interpharma.ch\/fr\/wp-json\/wp\/v2\/pages\/394\/revisions"}],"predecessor-version":[{"id":2999,"href":"https:\/\/biotechlerncenter.interpharma.ch\/fr\/wp-json\/wp\/v2\/pages\/394\/revisions\/2999"}],"up":[{"embeddable":true,"href":"https:\/\/biotechlerncenter.interpharma.ch\/fr\/wp-json\/wp\/v2\/pages\/378"}],"wp:attachment":[{"href":"https:\/\/biotechlerncenter.interpharma.ch\/fr\/wp-json\/wp\/v2\/media?parent=394"}],"curies":[{"name":"wp","href":"https:\/\/api.w.org\/{rel}","templated":true}]}}