{"id":382,"date":"2026-03-12T17:26:06","date_gmt":"2026-03-12T16:26:06","guid":{"rendered":"https:\/\/biotechlerncenter.iph-multisite.berta-bewegt.ch\/?page_id=382"},"modified":"2026-03-13T15:53:21","modified_gmt":"2026-03-13T14:53:21","slug":"einfuehrung","status":"publish","type":"page","link":"https:\/\/biotechlerncenter.interpharma.ch\/fr\/sujets\/psychische-gesundheit-jugendliche-schweiz\/einfuehrung\/","title":{"rendered":"1. Comment vont les jeunes en Suisse ?"},"content":{"rendered":"\n<p><em>Les chiffres sont alarmants : en Suisse, environ un tiers des jeunes d\u00e9clarent conna\u00eetre des probl\u00e8mes psychiques, en particulier les d\u00e9pressions et les troubles anxieux sont largement r\u00e9pandus. Des \u00e9tudes montrent une nette hausse du nombre de probl\u00e8mes psychiques chez les jeunes depuis la pand\u00e9mie de Covid-19.<\/em><\/p>\n\n\n\n<p>La multiplication des probl\u00e8mes psychiques chez les jeunes est imputable, entre autres, \u00e0 des facteurs tels que pression \u00e0 la performance et stress ainsi qu\u2019influence des m\u00e9dias sociaux. D\u2019autres facteurs de risque sont une situation familiale difficile, des conditions socio-\u00e9conomiques d\u00e9favorables, de mauvaises exp\u00e9riences dans l\u2019enfance et les maladies chroniques.<\/p>\n\n\n\n<figure class=\"wp-block-image size-large\"><img decoding=\"async\" src=\"https:\/\/biotechlerncenter.interpharma.ch\/wp-content\/uploads\/sites\/4\/2025\/07\/adv_iph_1_F-1024x819.png\" alt=\"\" class=\"wp-image-7611\"\/><figcaption class=\"wp-element-caption\"><em>La d\u00e9tresse psychologique des 15-24 ans a non seulement augment\u00e9 de 10% depuis 2017, mais ces personnes sont aussi le plus fortement touch\u00e9es en comparaison avec d\u2019autres groupes d\u2019\u00e2ge.<\/em><\/figcaption><\/figure>\n\n\n\n<div class=\"wp-block-group is-vertical is-layout-flex wp-container-core-group-is-layout-8cf370e7 wp-block-group-is-layout-flex\">\n<p><strong><strong>M\u00e9dias sociaux: une arme \u00e0 double tranchant<\/strong><\/strong><br>Ces derni\u00e8res ann\u00e9es, c\u2019est en particulier le r\u00f4le des m\u00e9dias sociaux qui interpelle les professionnel-le-s. Ces m\u00e9dias peuvent, d\u2019une part, apporter un soutien aux jeunes, leur permettant de se connecter et de dialoguer. Mais d\u2019autre part, il y a aussi un risque de comparaisons sociales avec un impact sur l\u2019image que l\u2019on a de son physique, sur l\u2019identit\u00e9 et l\u2019estime de soi, ainsi qu\u2019un risque de cyberharc\u00e8lement. Des \u00e9tudes montrent un lien significatif entre l\u2019utilisation des m\u00e9dias sociaux et des sympt\u00f4mes tels que peur, troubles alimentaires ou insatisfaction de son physique. En outre, le fait d\u2019\u00eatre connect\u00e9-e et joignable en permanence est un d\u00e9fi car il peut conduire \u00e0 un manque de sommeil et \u00e0 des interf\u00e9rences dans la vie quotidienne difficiles \u00e0 \u00e9viter.<\/p>\n\n\n\n<figure class=\"wp-block-image size-large\"><img decoding=\"async\" src=\"https:\/\/biotechlerncenter.interpharma.ch\/wp-content\/uploads\/sites\/4\/2025\/07\/adv_iph_2_F-1024x819.png\" alt=\"\" class=\"wp-image-7613\"\/><figcaption class=\"wp-element-caption\"><em>Source: <a href=\"https:\/\/www.addictionsuisse.ch\/faits-et-chiffres\/activites-en-ligne\/activites-en-ligne-utilisation\/?_gl=1*1mwpui8*_ga*NDM1OTExMTY3LjE3NTA2ODUyMDA.*_ga_TZ7Z53JD3N*czE3NTA2ODUxOTkkbzEkZzEkdDE3NTA2ODUzMzIkajQ3JGwwJGgw%23usage#((entf%C3%A4llt))\" target=\"_blank\" rel=\"noreferrer noopener\"><span style=\"text-decoration: underline;\">Addiction Suisse<\/span><\/a>, 2025.<\/em><\/figcaption><\/figure>\n<\/div>\n\n\n\n<p><strong>Les jeunes femmes particuli\u00e8rement touch\u00e9es<\/strong><br>Ce sont les jeunes femmes de 15 \u00e0 24 ans qui sont le plus fortement touch\u00e9es par les probl\u00e8mes psychiques: dans ce groupe d\u2019\u00e2ge, une femme sur quatre fait \u00e9tat de sympt\u00f4mes d\u2019angoisse mod\u00e9r\u00e9s \u00e0 s\u00e9v\u00e8res et environ 30% de sympt\u00f4mes de d\u00e9pression mod\u00e9r\u00e9s \u00e0 s\u00e9v\u00e8res. 29% pr\u00e9sentent des signes de phobie sociale. En plus des facteurs mentionn\u00e9s plus haut, les normes sociales associ\u00e9es aux femmes et aux hommes (normes de genre) peuvent contribuer au fait que les jeunes femmes se sentent plus fortement sous pression que les jeunes hommes. Les normes de genre ont par exemple pour effet que les filles apprennent d\u00e8s le plus jeune \u00e2ge \u00e0 \u00eatre attentionn\u00e9es, aimables et respectueuses, tandis que les gar\u00e7ons apprennent qu\u2019ils ont le droit d\u2019\u00eatre forts et bruyants. Les in\u00e9galit\u00e9s entre les sexes jouent aussi un r\u00f4le important dans la gestion des souffrances psychiques: dans les pays o\u00f9 les in\u00e9galit\u00e9s entre hommes et femmes sont grandes, les jeunes femmes sont moins satisfaites de leur physique que dans d\u2019autres pays.<\/p>\n\n\n\n<p><strong>Les hommes moins dispos\u00e9s \u00e0 rechercher de l\u2019aide<\/strong><br>Les diff\u00e9rences entre hommes et femmes se manifestent aussi dans la disposition \u00e0 parler de probl\u00e8mes psychiques: 85% des jeunes femmes disent rechercher de l\u2019aide en cas de probl\u00e8mes psychiques en parlant de leurs probl\u00e8mes avec des personnes de leur entourage, en se renseignant en ligne ou dans de la litt\u00e9rature sur le sujet, en se faisant conseiller par t\u00e9l\u00e9phone ou soigner. Chez les jeunes hommes, 69% seulement sont dispos\u00e9s \u00e0 parler de leurs probl\u00e8mes ou \u00e0 rechercher de l\u2019aide. Ceci entre autres parce qu\u2019ils craignent d\u2019\u00eatre stigmatis\u00e9s par leur entourage ou encore parce qu\u2019ils ont plus tendance \u00e0 attendre que le probl\u00e8me disparaisse de lui-m\u00eame.<\/p>\n\n\n\n<p><strong>Situation de prise en charge difficile<\/strong><br>Les chiffres montrent que les besoins en soutien psychologique sont grands. En particulier pour les jeunes, il est crucial de b\u00e9n\u00e9ficier rapidement d\u2019une aide pour \u00e9viter que le probl\u00e8me psychique ne les accompagne \u00e0 l\u2019\u00e2ge adulte. Or, l\u2019attente de places en th\u00e9rapie ambulatoire ou stationnaire en Suisse est souvent de plusieurs mois: on perd un temps pr\u00e9cieux. Selon les estimations actuelles, environ 375 000 personnes souffrant de troubles psychiques en Suisse ne font appel \u00e0 aucune aide<sup>1<\/sup>.<\/p>\n\n\n\n<p><strong>Nombre de jeunes souffrent de solitude<\/strong><br>L\u2019Enqu\u00eate suisse sur la sant\u00e9 2022 a montr\u00e9 que de plus en plus de personnes en Suisse souffrent de solitude. Cette augmentation concerne en particulier les adolescent-e-s et les jeunes adultes de 15 \u00e0 24 ans (de 4% en 2017 \u00e0 10% en 2022) et est li\u00e9e entre autres \u00e0 la pand\u00e9mie de Covid-19 et aux mesures prises pour lutter contre la pand\u00e9mie. La solitude a un impact tr\u00e8s important sur la sant\u00e9 psychique: les personnes qui se sentent isol\u00e9es pendant longtemps ont un risque accru de pathologies comme la d\u00e9pression, les troubles anxieux et les troubles du sommeil.<\/p>\n\n\n\n<figure class=\"wp-block-image size-large\"><img decoding=\"async\" src=\"https:\/\/biotechlerncenter.interpharma.ch\/wp-content\/uploads\/sites\/4\/2025\/07\/adv_iph_3_F-1024x819.png\" alt=\"\" class=\"wp-image-7615\"\/><figcaption class=\"wp-element-caption\"><em>Les 15-24 ans se sentent plus souvent seul-e-s que les personnes plus \u00e2g\u00e9es. Source: OFS, Enqu\u00eate suisse sur la sant\u00e9, 2023<\/em><\/figcaption><\/figure>\n\n\n\n<p><sup>1<\/sup>Commission f\u00e9d\u00e9rale pour l\u2019enfance et la jeunesse CFEJ Position <a href=\"https:\/\/ekkj.admin.ch\/fileadmin\/user_upload\/ekkj\/02pubblikationen\/Positionspapier\/f_Position_CFEJ_Promouvoir_la_sante_mentale_des_enfants_et_des_jeunes_sur_le_long_terme.pdf\" target=\"_blank\" rel=\"noreferrer noopener\"><span style=\"text-decoration: underline;\">\u00abPromouvoir la sant\u00e9 mentale des enfants et des jeunes sur le long terme\u00bb<\/span><\/a>, 2024.<\/p>\n","protected":false},"excerpt":{"rendered":"<p>Les chiffres sont alarmants : en Suisse, environ un tiers des jeunes d\u00e9clarent conna\u00eetre des probl\u00e8mes psychiques, en particulier les d\u00e9pressions et les troubles anxieux sont largement r\u00e9pandus. Des \u00e9tudes montrent une nette hausse du nombre de probl\u00e8mes psychiques chez les jeunes depuis la pand\u00e9mie de Covid-19. La multiplication des probl\u00e8mes psychiques chez les jeunes [&hellip;]<\/p>\n","protected":false},"author":1,"featured_media":0,"parent":378,"menu_order":0,"comment_status":"closed","ping_status":"closed","template":"page-templates\/unterthema.php","meta":{"_acf_changed":false,"inline_featured_image":false,"footnotes":""},"class_list":["post-382","page","type-page","status-publish","hentry"],"acf":[],"yoast_head":"<!-- This site is optimized with the Yoast SEO Premium plugin v27.2 (Yoast SEO v27.2) - https:\/\/yoast.com\/product\/yoast-seo-premium-wordpress\/ -->\n<title>1. Comment vont les jeunes en Suisse ? - biotechlerncenter<\/title>\n<meta name=\"robots\" content=\"index, follow, max-snippet:-1, max-image-preview:large, max-video-preview:-1\" \/>\n<link rel=\"canonical\" href=\"https:\/\/biotechlerncenter.interpharma.ch\/fr\/sujets\/psychische-gesundheit-jugendliche-schweiz\/einfuehrung\/\" \/>\n<meta property=\"og:locale\" content=\"fr_FR\" \/>\n<meta property=\"og:type\" content=\"article\" \/>\n<meta property=\"og:title\" content=\"1. Comment vont les jeunes en Suisse ?\" \/>\n<meta property=\"og:description\" content=\"Les chiffres sont alarmants : en Suisse, environ un tiers des jeunes d\u00e9clarent conna\u00eetre des probl\u00e8mes psychiques, en particulier les d\u00e9pressions et les troubles anxieux sont largement r\u00e9pandus. Des \u00e9tudes montrent une nette hausse du nombre de probl\u00e8mes psychiques chez les jeunes depuis la pand\u00e9mie de Covid-19. La multiplication des probl\u00e8mes psychiques chez les jeunes [&hellip;]\" \/>\n<meta property=\"og:url\" content=\"https:\/\/biotechlerncenter.interpharma.ch\/fr\/sujets\/psychische-gesundheit-jugendliche-schweiz\/einfuehrung\/\" \/>\n<meta property=\"og:site_name\" content=\"biotechlerncenter\" \/>\n<meta property=\"article:modified_time\" content=\"2026-03-13T14:53:21+00:00\" \/>\n<meta property=\"og:image\" content=\"https:\/\/biotechlerncenter.interpharma.ch\/wp-content\/uploads\/sites\/4\/2025\/07\/adv_iph_1_F-1024x819.png\" \/>\n<meta name=\"twitter:card\" content=\"summary_large_image\" \/>\n<meta name=\"twitter:label1\" content=\"Dur\u00e9e de lecture estim\u00e9e\" \/>\n\t<meta name=\"twitter:data1\" content=\"5 minutes\" \/>\n<script type=\"application\/ld+json\" class=\"yoast-schema-graph\">{\"@context\":\"https:\/\/schema.org\",\"@graph\":[{\"@type\":\"WebPage\",\"@id\":\"https:\/\/biotechlerncenter.interpharma.ch\/fr\/sujets\/psychische-gesundheit-jugendliche-schweiz\/einfuehrung\/\",\"url\":\"https:\/\/biotechlerncenter.interpharma.ch\/fr\/sujets\/psychische-gesundheit-jugendliche-schweiz\/einfuehrung\/\",\"name\":\"1. Comment vont les jeunes en Suisse ? - biotechlerncenter\",\"isPartOf\":{\"@id\":\"https:\/\/biotechlerncenter.interpharma.ch\/#website\"},\"primaryImageOfPage\":{\"@id\":\"https:\/\/biotechlerncenter.interpharma.ch\/fr\/sujets\/psychische-gesundheit-jugendliche-schweiz\/einfuehrung\/#primaryimage\"},\"image\":{\"@id\":\"https:\/\/biotechlerncenter.interpharma.ch\/fr\/sujets\/psychische-gesundheit-jugendliche-schweiz\/einfuehrung\/#primaryimage\"},\"thumbnailUrl\":\"https:\/\/biotechlerncenter.interpharma.ch\/wp-content\/uploads\/sites\/4\/2025\/07\/adv_iph_1_F-1024x819.png\",\"datePublished\":\"2026-03-12T16:26:06+00:00\",\"dateModified\":\"2026-03-13T14:53:21+00:00\",\"breadcrumb\":{\"@id\":\"https:\/\/biotechlerncenter.interpharma.ch\/fr\/sujets\/psychische-gesundheit-jugendliche-schweiz\/einfuehrung\/#breadcrumb\"},\"inLanguage\":\"fr-FR\",\"potentialAction\":[{\"@type\":\"ReadAction\",\"target\":[\"https:\/\/biotechlerncenter.interpharma.ch\/fr\/sujets\/psychische-gesundheit-jugendliche-schweiz\/einfuehrung\/\"]}]},{\"@type\":\"ImageObject\",\"inLanguage\":\"fr-FR\",\"@id\":\"https:\/\/biotechlerncenter.interpharma.ch\/fr\/sujets\/psychische-gesundheit-jugendliche-schweiz\/einfuehrung\/#primaryimage\",\"url\":\"https:\/\/biotechlerncenter.interpharma.ch\/wp-content\/uploads\/sites\/4\/2025\/07\/adv_iph_1_F-1024x819.png\",\"contentUrl\":\"https:\/\/biotechlerncenter.interpharma.ch\/wp-content\/uploads\/sites\/4\/2025\/07\/adv_iph_1_F-1024x819.png\"},{\"@type\":\"BreadcrumbList\",\"@id\":\"https:\/\/biotechlerncenter.interpharma.ch\/fr\/sujets\/psychische-gesundheit-jugendliche-schweiz\/einfuehrung\/#breadcrumb\",\"itemListElement\":[{\"@type\":\"ListItem\",\"position\":1,\"name\":\"Start\",\"item\":\"https:\/\/biotechlerncenter.interpharma.ch\/fr\/\"},{\"@type\":\"ListItem\",\"position\":2,\"name\":\"Sujets\",\"item\":\"https:\/\/biotechlerncenter.interpharma.ch\/fr\/sujets\/\"},{\"@type\":\"ListItem\",\"position\":3,\"name\":\"Entre les \u00abj\u2019aime\u00bb et la pression \u00e0 la performance: sant\u00e9 psychique des jeunes en Suisse\",\"item\":\"https:\/\/biotechlerncenter.interpharma.ch\/fr\/sujets\/psychische-gesundheit-jugendliche-schweiz\/\"},{\"@type\":\"ListItem\",\"position\":4,\"name\":\"1. Comment vont les jeunes en Suisse ?\"}]},{\"@type\":\"WebSite\",\"@id\":\"https:\/\/biotechlerncenter.interpharma.ch\/#website\",\"url\":\"https:\/\/biotechlerncenter.interpharma.ch\/\",\"name\":\"biotechlerncenter\",\"description\":\"\",\"potentialAction\":[{\"@type\":\"SearchAction\",\"target\":{\"@type\":\"EntryPoint\",\"urlTemplate\":\"https:\/\/biotechlerncenter.interpharma.ch\/?s={search_term_string}\"},\"query-input\":{\"@type\":\"PropertyValueSpecification\",\"valueRequired\":true,\"valueName\":\"search_term_string\"}}],\"inLanguage\":\"fr-FR\"}]}<\/script>\n<!-- \/ Yoast SEO Premium plugin. -->","yoast_head_json":{"title":"1. Comment vont les jeunes en Suisse ? - biotechlerncenter","robots":{"index":"index","follow":"follow","max-snippet":"max-snippet:-1","max-image-preview":"max-image-preview:large","max-video-preview":"max-video-preview:-1"},"canonical":"https:\/\/biotechlerncenter.interpharma.ch\/fr\/sujets\/psychische-gesundheit-jugendliche-schweiz\/einfuehrung\/","og_locale":"fr_FR","og_type":"article","og_title":"1. Comment vont les jeunes en Suisse ?","og_description":"Les chiffres sont alarmants : en Suisse, environ un tiers des jeunes d\u00e9clarent conna\u00eetre des probl\u00e8mes psychiques, en particulier les d\u00e9pressions et les troubles anxieux sont largement r\u00e9pandus. Des \u00e9tudes montrent une nette hausse du nombre de probl\u00e8mes psychiques chez les jeunes depuis la pand\u00e9mie de Covid-19. La multiplication des probl\u00e8mes psychiques chez les jeunes [&hellip;]","og_url":"https:\/\/biotechlerncenter.interpharma.ch\/fr\/sujets\/psychische-gesundheit-jugendliche-schweiz\/einfuehrung\/","og_site_name":"biotechlerncenter","article_modified_time":"2026-03-13T14:53:21+00:00","og_image":[{"url":"https:\/\/biotechlerncenter.interpharma.ch\/wp-content\/uploads\/sites\/4\/2025\/07\/adv_iph_1_F-1024x819.png","type":"","width":"","height":""}],"twitter_card":"summary_large_image","twitter_misc":{"Dur\u00e9e de lecture estim\u00e9e":"5 minutes"},"schema":{"@context":"https:\/\/schema.org","@graph":[{"@type":"WebPage","@id":"https:\/\/biotechlerncenter.interpharma.ch\/fr\/sujets\/psychische-gesundheit-jugendliche-schweiz\/einfuehrung\/","url":"https:\/\/biotechlerncenter.interpharma.ch\/fr\/sujets\/psychische-gesundheit-jugendliche-schweiz\/einfuehrung\/","name":"1. Comment vont les jeunes en Suisse ? - biotechlerncenter","isPartOf":{"@id":"https:\/\/biotechlerncenter.interpharma.ch\/#website"},"primaryImageOfPage":{"@id":"https:\/\/biotechlerncenter.interpharma.ch\/fr\/sujets\/psychische-gesundheit-jugendliche-schweiz\/einfuehrung\/#primaryimage"},"image":{"@id":"https:\/\/biotechlerncenter.interpharma.ch\/fr\/sujets\/psychische-gesundheit-jugendliche-schweiz\/einfuehrung\/#primaryimage"},"thumbnailUrl":"https:\/\/biotechlerncenter.interpharma.ch\/wp-content\/uploads\/sites\/4\/2025\/07\/adv_iph_1_F-1024x819.png","datePublished":"2026-03-12T16:26:06+00:00","dateModified":"2026-03-13T14:53:21+00:00","breadcrumb":{"@id":"https:\/\/biotechlerncenter.interpharma.ch\/fr\/sujets\/psychische-gesundheit-jugendliche-schweiz\/einfuehrung\/#breadcrumb"},"inLanguage":"fr-FR","potentialAction":[{"@type":"ReadAction","target":["https:\/\/biotechlerncenter.interpharma.ch\/fr\/sujets\/psychische-gesundheit-jugendliche-schweiz\/einfuehrung\/"]}]},{"@type":"ImageObject","inLanguage":"fr-FR","@id":"https:\/\/biotechlerncenter.interpharma.ch\/fr\/sujets\/psychische-gesundheit-jugendliche-schweiz\/einfuehrung\/#primaryimage","url":"https:\/\/biotechlerncenter.interpharma.ch\/wp-content\/uploads\/sites\/4\/2025\/07\/adv_iph_1_F-1024x819.png","contentUrl":"https:\/\/biotechlerncenter.interpharma.ch\/wp-content\/uploads\/sites\/4\/2025\/07\/adv_iph_1_F-1024x819.png"},{"@type":"BreadcrumbList","@id":"https:\/\/biotechlerncenter.interpharma.ch\/fr\/sujets\/psychische-gesundheit-jugendliche-schweiz\/einfuehrung\/#breadcrumb","itemListElement":[{"@type":"ListItem","position":1,"name":"Start","item":"https:\/\/biotechlerncenter.interpharma.ch\/fr\/"},{"@type":"ListItem","position":2,"name":"Sujets","item":"https:\/\/biotechlerncenter.interpharma.ch\/fr\/sujets\/"},{"@type":"ListItem","position":3,"name":"Entre les \u00abj\u2019aime\u00bb et la pression \u00e0 la performance: sant\u00e9 psychique des jeunes en Suisse","item":"https:\/\/biotechlerncenter.interpharma.ch\/fr\/sujets\/psychische-gesundheit-jugendliche-schweiz\/"},{"@type":"ListItem","position":4,"name":"1. Comment vont les jeunes en Suisse ?"}]},{"@type":"WebSite","@id":"https:\/\/biotechlerncenter.interpharma.ch\/#website","url":"https:\/\/biotechlerncenter.interpharma.ch\/","name":"biotechlerncenter","description":"","potentialAction":[{"@type":"SearchAction","target":{"@type":"EntryPoint","urlTemplate":"https:\/\/biotechlerncenter.interpharma.ch\/?s={search_term_string}"},"query-input":{"@type":"PropertyValueSpecification","valueRequired":true,"valueName":"search_term_string"}}],"inLanguage":"fr-FR"}]}},"_links":{"self":[{"href":"https:\/\/biotechlerncenter.interpharma.ch\/fr\/wp-json\/wp\/v2\/pages\/382","targetHints":{"allow":["GET"]}}],"collection":[{"href":"https:\/\/biotechlerncenter.interpharma.ch\/fr\/wp-json\/wp\/v2\/pages"}],"about":[{"href":"https:\/\/biotechlerncenter.interpharma.ch\/fr\/wp-json\/wp\/v2\/types\/page"}],"author":[{"embeddable":true,"href":"https:\/\/biotechlerncenter.interpharma.ch\/fr\/wp-json\/wp\/v2\/users\/1"}],"replies":[{"embeddable":true,"href":"https:\/\/biotechlerncenter.interpharma.ch\/fr\/wp-json\/wp\/v2\/comments?post=382"}],"version-history":[{"count":2,"href":"https:\/\/biotechlerncenter.interpharma.ch\/fr\/wp-json\/wp\/v2\/pages\/382\/revisions"}],"predecessor-version":[{"id":2997,"href":"https:\/\/biotechlerncenter.interpharma.ch\/fr\/wp-json\/wp\/v2\/pages\/382\/revisions\/2997"}],"up":[{"embeddable":true,"href":"https:\/\/biotechlerncenter.interpharma.ch\/fr\/wp-json\/wp\/v2\/pages\/378"}],"wp:attachment":[{"href":"https:\/\/biotechlerncenter.interpharma.ch\/fr\/wp-json\/wp\/v2\/media?parent=382"}],"curies":[{"name":"wp","href":"https:\/\/api.w.org\/{rel}","templated":true}]}}