{"id":1304,"date":"2026-03-12T17:27:04","date_gmt":"2026-03-12T16:27:04","guid":{"rendered":"https:\/\/biotechlerncenter.iph-multisite.berta-bewegt.ch\/?page_id=1304"},"modified":"2026-03-13T15:54:43","modified_gmt":"2026-03-13T14:54:43","slug":"psychische-probleme-jugendliche-erkennen","status":"publish","type":"page","link":"https:\/\/biotechlerncenter.interpharma.ch\/fr\/sujets\/psychische-gesundheit-jugendliche-schweiz\/psychische-probleme-jugendliche-erkennen\/","title":{"rendered":"2. Tout est normal ou c\u2019est d\u00e9j\u00e0 trop? Rep\u00e9rer les probl\u00e8mes psychiques des jeunes"},"content":{"rendered":"\n<p><em><em>La pubert\u00e9 apporte de nombreux changement, y compris dans les relations avec les parents et les ami-e-s. Des angoisses, la tristesse et la col\u00e8re font partie de cette phase. Mais quelles modifications sont-elles \u00abnormales\u00bb et quand faut-il y pr\u00eater une attention particuli\u00e8re?<\/em><\/em><\/p>\n\n\n\n<p>Nous avons vu que les souffrances psychiques sont tr\u00e8s r\u00e9pandues chez les jeunes. Il est crucial de rep\u00e9rer ces probl\u00e8mes \u00e0 un stade pr\u00e9coce, car s\u2019ils ne sont pas soign\u00e9s, les sympt\u00f4mes d\u2019un trouble psychique comme par exemple la d\u00e9pression risquent de s\u2019accentuer. Un probl\u00e8me suppl\u00e9mentaire est qu\u2019\u00e0 d\u00e9faut de traitement, d\u2019autres pathologies, par exemple trouble anxieux ou acc\u00e8s de panique, peuvent venir se greffer sur le probl\u00e8me d\u2019origine. Les sympt\u00f4mes d\u2019une souffrance psychique sont par exemple la tristesse, le manque d\u2019\u00e9nergie, le repli sur soi-m\u00eame, les pens\u00e9es suicidaires, l\u2019agressivit\u00e9. Des troubles physiques comme les maux de ventre ou de t\u00eate sans cause sp\u00e9cifique peuvent aussi venir s\u2019ajouter.<\/p>\n\n\n\n<div class=\"wp-block-group has-my-white-color has-my-grey-background-color has-text-color has-background has-link-color wp-elements-e33c25374227f773f4684fc4d265b93a\"><div class=\"wp-block-group__inner-container is-layout-constrained wp-block-group-is-layout-constrained\">\n<p><strong>Quelle est la d\u00e9finition de la sant\u00e9 mentale?<br><\/strong>L\u2019OMS d\u00e9crit la sant\u00e9 mentale comme un \u00ab\u00e9tat de bien-\u00eatre mental qui nous permet d\u2019affronter les sources de stress de la vie, de r\u00e9aliser notre potentiel, de bien apprendre et de bien travailler, et de contribuer \u00e0 la vie de la communaut\u00e9.\u00bb<sup data-fn=\"80246f4f-9277-42cf-8d0e-4a43de8d9dec\" class=\"fn\"><a href=\"#80246f4f-9277-42cf-8d0e-4a43de8d9dec\" id=\"80246f4f-9277-42cf-8d0e-4a43de8d9dec-link\">1<\/a><\/sup><\/p>\n<\/div><\/div>\n\n\n\n<p><strong>Comportement normal \u00e0 l\u2019adolescence ou pathologie s\u00e9rieuse<\/strong> <br>Il est souvent difficile pour l\u2019entourage, par exemple parents ou ami-e-s, de savoir si la personne est effectivement en d\u00e9pression ou affiche des sympt\u00f4mes de pubert\u00e9 normaux. En effet, la pubert\u00e9 est marqu\u00e9e par une recherche d\u2019identit\u00e9, des modifications hormonales et, de ce fait, des sautes d\u2019humeur fr\u00e9quentes. \u00c0 la pubert\u00e9, le cerveau se modifie, de m\u00eame que les relations sociales et les \u00e9motions.<\/p>\n\n\n\n<p>On peut penser \u00e0 une pathologie psychique si plusieurs sympt\u00f4mes sont pr\u00e9sents simultan\u00e9ment pendant une longue p\u00e9riode (plus de deux semaines), en particulier si le\/la jeune s\u2019isole de son cercle d\u2019ami-e-s ou s\u2019il y a d\u00e9gradation des performances scolaires, du sommeil, de l\u2019app\u00e9tit ou des relations sociales.<\/p>\n\n\n\n<p>Il faut ce faisant consid\u00e9rer l\u2019ensemble de la vie de tous les jours: si un-e adolescent-e s\u2019isole uniquement de ses parents, mais continue \u00e0 \u00eatre en contact avec ses ami-e-s et \u00e0 pratiquer des hobbys, il n\u2019y a pas forc\u00e9ment lieu de s\u2019inqui\u00e9ter. <a href=\"https:\/\/s3.eu-central-2.amazonaws.com\/django-ensa-swiss-prod\/media\/filer_public\/3a\/d1\/3ad14ffd-ec14-4509-90b5-addf9f02a4f1\/fritzfranzi-erste-hilfe-psych-gesundheit.pdf\"><span style=\"text-decoration: underline;\">Selon les expert-e-s<\/span>,<\/a> on peut en revanche penser \u00e0 un probl\u00e8me psychique si l\u2019adolescent-e n\u00e9glige subitement toutes ses relations et hobbys et\/ou manifeste un comportement addictif.<\/p>\n\n\n\n<div class=\"wp-block-group has-my-white-color has-my-grey-background-color has-text-color has-background has-link-color wp-elements-855b8e31972d64690fe614b12b39fe96\"><div class=\"wp-block-group__inner-container is-layout-constrained wp-block-group-is-layout-constrained\">\n<p><strong>Facteurs de risque de d\u00e9pression chez les jeunes<\/strong><br>Bien que les d\u00e9pressions et souffrances psychiques puissent se manifester chez n\u2019importe qui et dans n\u2019importe quelle situation de vie, le risque est accru pour certain-e-s jeunes en raison de facteurs de risque. Dans l\u2019\u00e9tat actuel de la recherche, on consid\u00e8re que les facteurs de risque suivants peuvent contribuer \u00e0 l\u2019apparition de probl\u00e8mes psychiques:<\/p>\n\n\n\n<ul class=\"wp-block-list\">\n<li>pathologies psychiques graves dans la famille<\/li>\n\n\n\n<li>exp\u00e9riences traumatisantes dans l\u2019enfance<\/li>\n\n\n\n<li>charges familiales (par exemple dues \u00e0 la pauvret\u00e9)<\/li>\n\n\n\n<li>s\u00e9paration des parents<\/li>\n\n\n\n<li>maladies pr\u00e9existantes (par exemple TDAH)<\/li>\n\n\n\n<li>sentiment de d\u00e9calage (par exemple jeune qui se ressent comme queer)<\/li>\n\n\n\n<li>d\u00e9c\u00e8s d\u2019une personne proche<\/li>\n\n\n\n<li>d\u00e9m\u00e9nagement dans une autre localit\u00e9<\/li>\n\n\n\n<li>premiers chagrins d\u2019amour<\/li>\n\n\n\n<li>harc\u00e8lement<\/li>\n\n\n\n<li>forte pression \u00e0 la performance et au succ\u00e8s \u00e0 l\u2019\u00e9cole ou en apprentissage<\/li>\n<\/ul>\n<\/div><\/div>\n\n\n\n<p>1. Organisation mondiale de la Sant\u00e9. <a href=\"https:\/\/iris.who.int\/bitstream\/handle\/10665\/42940\/9241591595.pdf\" target=\"_blank\" rel=\"noreferrer noopener\"><span style=\"text-decoration: underline;\">Sant\u00e9 mentale: renforcer notre action<\/span>,<\/a> 2004.<\/p>\n","protected":false},"excerpt":{"rendered":"<p>La pubert\u00e9 apporte de nombreux changement, y compris dans les relations avec les parents et les ami-e-s. Des angoisses, la tristesse et la col\u00e8re font partie de cette phase. Mais quelles modifications sont-elles \u00abnormales\u00bb et quand faut-il y pr\u00eater une attention particuli\u00e8re? Nous avons vu que les souffrances psychiques sont tr\u00e8s r\u00e9pandues chez les jeunes. [&hellip;]<\/p>\n","protected":false},"author":1,"featured_media":0,"parent":378,"menu_order":1,"comment_status":"closed","ping_status":"closed","template":"page-templates\/unterthema.php","meta":{"_acf_changed":false,"inline_featured_image":false,"footnotes":"[{\"id\":\"80246f4f-9277-42cf-8d0e-4a43de8d9dec\",\"content\":\"\"}]"},"class_list":["post-1304","page","type-page","status-publish","hentry"],"acf":[],"yoast_head":"<!-- This site is optimized with the Yoast SEO Premium plugin v27.2 (Yoast SEO v27.2) - https:\/\/yoast.com\/product\/yoast-seo-premium-wordpress\/ -->\n<title>2. Tout est normal ou c\u2019est d\u00e9j\u00e0 trop? Rep\u00e9rer les probl\u00e8mes psychiques des jeunes - biotechlerncenter<\/title>\n<meta name=\"robots\" content=\"index, follow, max-snippet:-1, max-image-preview:large, max-video-preview:-1\" \/>\n<link rel=\"canonical\" href=\"https:\/\/biotechlerncenter.interpharma.ch\/themen\/psychische-gesundheit-jugendliche-schweiz\/psychische-probleme-jugendliche-erkennen\/\" \/>\n<meta property=\"og:locale\" content=\"fr_FR\" \/>\n<meta property=\"og:type\" content=\"article\" \/>\n<meta property=\"og:title\" content=\"2. Tout est normal ou c\u2019est d\u00e9j\u00e0 trop? Rep\u00e9rer les probl\u00e8mes psychiques des jeunes\" \/>\n<meta property=\"og:description\" content=\"La pubert\u00e9 apporte de nombreux changement, y compris dans les relations avec les parents et les ami-e-s. Des angoisses, la tristesse et la col\u00e8re font partie de cette phase. Mais quelles modifications sont-elles \u00abnormales\u00bb et quand faut-il y pr\u00eater une attention particuli\u00e8re? Nous avons vu que les souffrances psychiques sont tr\u00e8s r\u00e9pandues chez les jeunes. [&hellip;]\" \/>\n<meta property=\"og:url\" content=\"https:\/\/biotechlerncenter.interpharma.ch\/themen\/psychische-gesundheit-jugendliche-schweiz\/psychische-probleme-jugendliche-erkennen\/\" \/>\n<meta property=\"og:site_name\" content=\"biotechlerncenter\" \/>\n<meta property=\"article:modified_time\" content=\"2026-03-13T14:54:43+00:00\" \/>\n<meta name=\"twitter:card\" content=\"summary_large_image\" \/>\n<meta name=\"twitter:label1\" content=\"Dur\u00e9e de lecture estim\u00e9e\" \/>\n\t<meta name=\"twitter:data1\" content=\"3 minutes\" \/>\n<script type=\"application\/ld+json\" class=\"yoast-schema-graph\">{\"@context\":\"https:\/\/schema.org\",\"@graph\":[{\"@type\":\"WebPage\",\"@id\":\"https:\/\/biotechlerncenter.interpharma.ch\/themen\/psychische-gesundheit-jugendliche-schweiz\/psychische-probleme-jugendliche-erkennen\/\",\"url\":\"https:\/\/biotechlerncenter.interpharma.ch\/themen\/psychische-gesundheit-jugendliche-schweiz\/psychische-probleme-jugendliche-erkennen\/\",\"name\":\"2. Tout est normal ou c\u2019est d\u00e9j\u00e0 trop? Rep\u00e9rer les probl\u00e8mes psychiques des jeunes - biotechlerncenter\",\"isPartOf\":{\"@id\":\"https:\/\/biotechlerncenter.interpharma.ch\/#website\"},\"datePublished\":\"2026-03-12T16:27:04+00:00\",\"dateModified\":\"2026-03-13T14:54:43+00:00\",\"breadcrumb\":{\"@id\":\"https:\/\/biotechlerncenter.interpharma.ch\/themen\/psychische-gesundheit-jugendliche-schweiz\/psychische-probleme-jugendliche-erkennen\/#breadcrumb\"},\"inLanguage\":\"fr-FR\",\"potentialAction\":[{\"@type\":\"ReadAction\",\"target\":[\"https:\/\/biotechlerncenter.interpharma.ch\/themen\/psychische-gesundheit-jugendliche-schweiz\/psychische-probleme-jugendliche-erkennen\/\"]}]},{\"@type\":\"BreadcrumbList\",\"@id\":\"https:\/\/biotechlerncenter.interpharma.ch\/themen\/psychische-gesundheit-jugendliche-schweiz\/psychische-probleme-jugendliche-erkennen\/#breadcrumb\",\"itemListElement\":[{\"@type\":\"ListItem\",\"position\":1,\"name\":\"Start\",\"item\":\"https:\/\/biotechlerncenter.interpharma.ch\/fr\/\"},{\"@type\":\"ListItem\",\"position\":2,\"name\":\"Sujets\",\"item\":\"https:\/\/biotechlerncenter.interpharma.ch\/fr\/sujets\/\"},{\"@type\":\"ListItem\",\"position\":3,\"name\":\"Entre les \u00abj\u2019aime\u00bb et la pression \u00e0 la performance: sant\u00e9 psychique des jeunes en Suisse\",\"item\":\"https:\/\/biotechlerncenter.interpharma.ch\/fr\/sujets\/psychische-gesundheit-jugendliche-schweiz\/\"},{\"@type\":\"ListItem\",\"position\":4,\"name\":\"2. Tout est normal ou c\u2019est d\u00e9j\u00e0 trop? Rep\u00e9rer les probl\u00e8mes psychiques des jeunes\"}]},{\"@type\":\"WebSite\",\"@id\":\"https:\/\/biotechlerncenter.interpharma.ch\/#website\",\"url\":\"https:\/\/biotechlerncenter.interpharma.ch\/\",\"name\":\"biotechlerncenter\",\"description\":\"\",\"potentialAction\":[{\"@type\":\"SearchAction\",\"target\":{\"@type\":\"EntryPoint\",\"urlTemplate\":\"https:\/\/biotechlerncenter.interpharma.ch\/?s={search_term_string}\"},\"query-input\":{\"@type\":\"PropertyValueSpecification\",\"valueRequired\":true,\"valueName\":\"search_term_string\"}}],\"inLanguage\":\"fr-FR\"}]}<\/script>\n<!-- \/ Yoast SEO Premium plugin. -->","yoast_head_json":{"title":"2. Tout est normal ou c\u2019est d\u00e9j\u00e0 trop? Rep\u00e9rer les probl\u00e8mes psychiques des jeunes - biotechlerncenter","robots":{"index":"index","follow":"follow","max-snippet":"max-snippet:-1","max-image-preview":"max-image-preview:large","max-video-preview":"max-video-preview:-1"},"canonical":"https:\/\/biotechlerncenter.interpharma.ch\/themen\/psychische-gesundheit-jugendliche-schweiz\/psychische-probleme-jugendliche-erkennen\/","og_locale":"fr_FR","og_type":"article","og_title":"2. Tout est normal ou c\u2019est d\u00e9j\u00e0 trop? Rep\u00e9rer les probl\u00e8mes psychiques des jeunes","og_description":"La pubert\u00e9 apporte de nombreux changement, y compris dans les relations avec les parents et les ami-e-s. Des angoisses, la tristesse et la col\u00e8re font partie de cette phase. Mais quelles modifications sont-elles \u00abnormales\u00bb et quand faut-il y pr\u00eater une attention particuli\u00e8re? Nous avons vu que les souffrances psychiques sont tr\u00e8s r\u00e9pandues chez les jeunes. [&hellip;]","og_url":"https:\/\/biotechlerncenter.interpharma.ch\/themen\/psychische-gesundheit-jugendliche-schweiz\/psychische-probleme-jugendliche-erkennen\/","og_site_name":"biotechlerncenter","article_modified_time":"2026-03-13T14:54:43+00:00","twitter_card":"summary_large_image","twitter_misc":{"Dur\u00e9e de lecture estim\u00e9e":"3 minutes"},"schema":{"@context":"https:\/\/schema.org","@graph":[{"@type":"WebPage","@id":"https:\/\/biotechlerncenter.interpharma.ch\/themen\/psychische-gesundheit-jugendliche-schweiz\/psychische-probleme-jugendliche-erkennen\/","url":"https:\/\/biotechlerncenter.interpharma.ch\/themen\/psychische-gesundheit-jugendliche-schweiz\/psychische-probleme-jugendliche-erkennen\/","name":"2. Tout est normal ou c\u2019est d\u00e9j\u00e0 trop? Rep\u00e9rer les probl\u00e8mes psychiques des jeunes - biotechlerncenter","isPartOf":{"@id":"https:\/\/biotechlerncenter.interpharma.ch\/#website"},"datePublished":"2026-03-12T16:27:04+00:00","dateModified":"2026-03-13T14:54:43+00:00","breadcrumb":{"@id":"https:\/\/biotechlerncenter.interpharma.ch\/themen\/psychische-gesundheit-jugendliche-schweiz\/psychische-probleme-jugendliche-erkennen\/#breadcrumb"},"inLanguage":"fr-FR","potentialAction":[{"@type":"ReadAction","target":["https:\/\/biotechlerncenter.interpharma.ch\/themen\/psychische-gesundheit-jugendliche-schweiz\/psychische-probleme-jugendliche-erkennen\/"]}]},{"@type":"BreadcrumbList","@id":"https:\/\/biotechlerncenter.interpharma.ch\/themen\/psychische-gesundheit-jugendliche-schweiz\/psychische-probleme-jugendliche-erkennen\/#breadcrumb","itemListElement":[{"@type":"ListItem","position":1,"name":"Start","item":"https:\/\/biotechlerncenter.interpharma.ch\/fr\/"},{"@type":"ListItem","position":2,"name":"Sujets","item":"https:\/\/biotechlerncenter.interpharma.ch\/fr\/sujets\/"},{"@type":"ListItem","position":3,"name":"Entre les \u00abj\u2019aime\u00bb et la pression \u00e0 la performance: sant\u00e9 psychique des jeunes en Suisse","item":"https:\/\/biotechlerncenter.interpharma.ch\/fr\/sujets\/psychische-gesundheit-jugendliche-schweiz\/"},{"@type":"ListItem","position":4,"name":"2. Tout est normal ou c\u2019est d\u00e9j\u00e0 trop? Rep\u00e9rer les probl\u00e8mes psychiques des jeunes"}]},{"@type":"WebSite","@id":"https:\/\/biotechlerncenter.interpharma.ch\/#website","url":"https:\/\/biotechlerncenter.interpharma.ch\/","name":"biotechlerncenter","description":"","potentialAction":[{"@type":"SearchAction","target":{"@type":"EntryPoint","urlTemplate":"https:\/\/biotechlerncenter.interpharma.ch\/?s={search_term_string}"},"query-input":{"@type":"PropertyValueSpecification","valueRequired":true,"valueName":"search_term_string"}}],"inLanguage":"fr-FR"}]}},"_links":{"self":[{"href":"https:\/\/biotechlerncenter.interpharma.ch\/fr\/wp-json\/wp\/v2\/pages\/1304","targetHints":{"allow":["GET"]}}],"collection":[{"href":"https:\/\/biotechlerncenter.interpharma.ch\/fr\/wp-json\/wp\/v2\/pages"}],"about":[{"href":"https:\/\/biotechlerncenter.interpharma.ch\/fr\/wp-json\/wp\/v2\/types\/page"}],"author":[{"embeddable":true,"href":"https:\/\/biotechlerncenter.interpharma.ch\/fr\/wp-json\/wp\/v2\/users\/1"}],"replies":[{"embeddable":true,"href":"https:\/\/biotechlerncenter.interpharma.ch\/fr\/wp-json\/wp\/v2\/comments?post=1304"}],"version-history":[{"count":2,"href":"https:\/\/biotechlerncenter.interpharma.ch\/fr\/wp-json\/wp\/v2\/pages\/1304\/revisions"}],"predecessor-version":[{"id":2998,"href":"https:\/\/biotechlerncenter.interpharma.ch\/fr\/wp-json\/wp\/v2\/pages\/1304\/revisions\/2998"}],"up":[{"embeddable":true,"href":"https:\/\/biotechlerncenter.interpharma.ch\/fr\/wp-json\/wp\/v2\/pages\/378"}],"wp:attachment":[{"href":"https:\/\/biotechlerncenter.interpharma.ch\/fr\/wp-json\/wp\/v2\/media?parent=1304"}],"curies":[{"name":"wp","href":"https:\/\/api.w.org\/{rel}","templated":true}]}}