{"id":1046,"date":"2026-03-12T17:26:46","date_gmt":"2026-03-12T16:26:46","guid":{"rendered":"https:\/\/biotechlerncenter.iph-multisite.berta-bewegt.ch\/?page_id=1046"},"modified":"2026-03-13T18:51:39","modified_gmt":"2026-03-13T17:51:39","slug":"5-aspects-ethiques-quand-la-vie-commence-t-elle","status":"publish","type":"page","link":"https:\/\/biotechlerncenter.interpharma.ch\/fr\/sujets\/cellules-souches\/5-aspects-ethiques-quand-la-vie-commence-t-elle\/","title":{"rendered":"5. Aspects \u00e9thiques: quand la vie commence-t-elle?"},"content":{"rendered":"\n<p>A partir de quel moment un \u00eatre humain est-il un \u00eatre humain? Quand la vie commence-t-elle? L&#8217;embryon est-il d\u00e9j\u00e0 un \u00eatre humain \u00e0 part enti\u00e8re? Quels droits un embryon surnum\u00e9raire a-t-il &#8211; sont-ils les m\u00eames que ceux d&rsquo;un nouveau-n\u00e9?<\/p>\n\n\n\n<p>Les recherches sur les cellules souches sont actuellement tr\u00e8s importantes et elles sont l&rsquo;objet de&nbsp; controverse \u00e0 cause de la provenance des cellules souches embryonnaires: elles ont \u00e9t\u00e9 r\u00e9colt\u00e9es sur des embryons pr\u00e9coces g\u00e9n\u00e9r\u00e9s in vitro dans le but initial de traiter l&rsquo;infertilit\u00e9 (fertilisation in vitro). Le recours aux cellules souches embryonnaires pourrait dans le futur devenir superflu puisque de nombreuses alternatives se d\u00e9veloppent de fa\u00e7on prometteuse: il s&rsquo;agit entre autres de cellules souches adultes provenant de tout organisme humain, de la reprogrammation des cellules souches adultes en cellules indiff\u00e9renci\u00e9es, de l&rsquo;utilisation des cellules souches provenant du sang du cordon ombilical. L&rsquo;\u00e9tat actuel des recherches ne r\u00e9v\u00e8le toutefois aucun d\u00e9veloppement notoire.<\/p>\n\n\n\n<p>Les embryons humains peuvent-ils ou doivent-ils \u00eatre cultiv\u00e9s ou utilis\u00e9s \u00e0 des fins scientifiques parce que les m\u00e9decins ont le devoir de venir en aide aux malades? Cette question \u00e9thique est diversement r\u00e9solue \u00e0 l&rsquo;\u00e9chelle mondiale. Dans certains pays, les embryons surnum\u00e9raires et congel\u00e9s \u00e0 la suite de procr\u00e9ation in vitro, sont utilis\u00e9s dans la recherche. La Grande-Bretagne est m\u00eame all\u00e9e plus loin lorsqu&rsquo;en 2001 elle a accord\u00e9 le clonage th\u00e9rapeutique d&#8217;embryons humains \u00e0 des fins scientifiques. Le clonage th\u00e9rapeutique est un proc\u00e9d\u00e9 permettant de cultiver le tissu issu du propre patrimoine g\u00e9n\u00e9tique humain (cf. chapitre&nbsp;<a href=\"https:\/\/biotechlerncenter.interpharma.ch\/fr\/thema\/cloner\">Cloner<\/a>). En Suisse par contre, la loi interdit de telles pratiques. Il y a pourtant quelques voix ici et l\u00e0 pour encourager le d\u00e9veloppement de la recherche sur les cellules souches.<\/p>\n\n\n\n<figure class=\"wp-block-image size-large\"><img decoding=\"async\" src=\"http:\/\/biotechlerncenter.interpharma.ch\/wp-content\/uploads\/sites\/4\/2020\/01\/in_vitro_juan_gaertner_fotolia.jpg\" alt=\"\" class=\"wp-image-3281\"\/><figcaption>La f\u00e9condation in vitro consiste \u00e0 injecter un spermatozo\u00efde dans le cytoplasme d\u2019un ovule.<br>\u00a9 Juan G\u00e4rtner, fotolia.com<\/figcaption><\/figure>\n","protected":false},"excerpt":{"rendered":"<p>A partir de quel moment un \u00eatre humain est-il un \u00eatre humain? Quand la vie commence-t-elle? L&#8217;embryon est-il d\u00e9j\u00e0 un \u00eatre humain \u00e0 part enti\u00e8re? Quels droits un embryon surnum\u00e9raire a-t-il &#8211; sont-ils les m\u00eames que ceux d&rsquo;un nouveau-n\u00e9? Les recherches sur les cellules souches sont actuellement tr\u00e8s importantes et elles sont l&rsquo;objet de&nbsp; controverse [&hellip;]<\/p>\n","protected":false},"author":1,"featured_media":0,"parent":1062,"menu_order":7,"comment_status":"closed","ping_status":"closed","template":"page-templates\/unterthema.php","meta":{"_acf_changed":false,"inline_featured_image":false,"footnotes":""},"class_list":["post-1046","page","type-page","status-publish","hentry"],"acf":[],"yoast_head":"<!-- This site is optimized with the Yoast SEO Premium plugin v27.2 (Yoast SEO v27.2) - https:\/\/yoast.com\/product\/yoast-seo-premium-wordpress\/ -->\n<title>5. Aspects \u00e9thiques: quand la vie commence-t-elle? - biotechlerncenter<\/title>\n<meta name=\"robots\" content=\"index, follow, max-snippet:-1, max-image-preview:large, max-video-preview:-1\" \/>\n<link rel=\"canonical\" href=\"https:\/\/biotechlerncenter.interpharma.ch\/themen\/das-grosse-potenzial-der-stammzellen\/5-ethische-aspekte-wann-beginnt-das-leben\/\" \/>\n<meta property=\"og:locale\" content=\"fr_FR\" \/>\n<meta property=\"og:type\" content=\"article\" \/>\n<meta property=\"og:title\" content=\"5. Aspects \u00e9thiques: quand la vie commence-t-elle?\" \/>\n<meta property=\"og:description\" content=\"A partir de quel moment un \u00eatre humain est-il un \u00eatre humain? Quand la vie commence-t-elle? L&#8217;embryon est-il d\u00e9j\u00e0 un \u00eatre humain \u00e0 part enti\u00e8re? Quels droits un embryon surnum\u00e9raire a-t-il &#8211; sont-ils les m\u00eames que ceux d&rsquo;un nouveau-n\u00e9? Les recherches sur les cellules souches sont actuellement tr\u00e8s importantes et elles sont l&rsquo;objet de&nbsp; controverse [&hellip;]\" \/>\n<meta property=\"og:url\" content=\"https:\/\/biotechlerncenter.interpharma.ch\/themen\/das-grosse-potenzial-der-stammzellen\/5-ethische-aspekte-wann-beginnt-das-leben\/\" \/>\n<meta property=\"og:site_name\" content=\"biotechlerncenter\" \/>\n<meta property=\"article:modified_time\" content=\"2026-03-13T17:51:39+00:00\" \/>\n<meta property=\"og:image\" content=\"http:\/\/biotechlerncenter.interpharma.ch\/wp-content\/uploads\/sites\/4\/2020\/01\/in_vitro_juan_gaertner_fotolia.jpg\" \/>\n<meta name=\"twitter:card\" content=\"summary_large_image\" \/>\n<meta name=\"twitter:label1\" content=\"Dur\u00e9e de lecture estim\u00e9e\" \/>\n\t<meta name=\"twitter:data1\" content=\"2 minutes\" \/>\n<script type=\"application\/ld+json\" class=\"yoast-schema-graph\">{\"@context\":\"https:\/\/schema.org\",\"@graph\":[{\"@type\":\"WebPage\",\"@id\":\"https:\/\/biotechlerncenter.interpharma.ch\/themen\/das-grosse-potenzial-der-stammzellen\/5-ethische-aspekte-wann-beginnt-das-leben\/\",\"url\":\"https:\/\/biotechlerncenter.interpharma.ch\/themen\/das-grosse-potenzial-der-stammzellen\/5-ethische-aspekte-wann-beginnt-das-leben\/\",\"name\":\"5. Aspects \u00e9thiques: quand la vie commence-t-elle? - biotechlerncenter\",\"isPartOf\":{\"@id\":\"https:\/\/biotechlerncenter.interpharma.ch\/#website\"},\"primaryImageOfPage\":{\"@id\":\"https:\/\/biotechlerncenter.interpharma.ch\/themen\/das-grosse-potenzial-der-stammzellen\/5-ethische-aspekte-wann-beginnt-das-leben\/#primaryimage\"},\"image\":{\"@id\":\"https:\/\/biotechlerncenter.interpharma.ch\/themen\/das-grosse-potenzial-der-stammzellen\/5-ethische-aspekte-wann-beginnt-das-leben\/#primaryimage\"},\"thumbnailUrl\":\"http:\/\/biotechlerncenter.interpharma.ch\/wp-content\/uploads\/sites\/4\/2020\/01\/in_vitro_juan_gaertner_fotolia.jpg\",\"datePublished\":\"2026-03-12T16:26:46+00:00\",\"dateModified\":\"2026-03-13T17:51:39+00:00\",\"breadcrumb\":{\"@id\":\"https:\/\/biotechlerncenter.interpharma.ch\/themen\/das-grosse-potenzial-der-stammzellen\/5-ethische-aspekte-wann-beginnt-das-leben\/#breadcrumb\"},\"inLanguage\":\"fr-FR\",\"potentialAction\":[{\"@type\":\"ReadAction\",\"target\":[\"https:\/\/biotechlerncenter.interpharma.ch\/themen\/das-grosse-potenzial-der-stammzellen\/5-ethische-aspekte-wann-beginnt-das-leben\/\"]}]},{\"@type\":\"ImageObject\",\"inLanguage\":\"fr-FR\",\"@id\":\"https:\/\/biotechlerncenter.interpharma.ch\/themen\/das-grosse-potenzial-der-stammzellen\/5-ethische-aspekte-wann-beginnt-das-leben\/#primaryimage\",\"url\":\"http:\/\/biotechlerncenter.interpharma.ch\/wp-content\/uploads\/sites\/4\/2020\/01\/in_vitro_juan_gaertner_fotolia.jpg\",\"contentUrl\":\"http:\/\/biotechlerncenter.interpharma.ch\/wp-content\/uploads\/sites\/4\/2020\/01\/in_vitro_juan_gaertner_fotolia.jpg\"},{\"@type\":\"BreadcrumbList\",\"@id\":\"https:\/\/biotechlerncenter.interpharma.ch\/themen\/das-grosse-potenzial-der-stammzellen\/5-ethische-aspekte-wann-beginnt-das-leben\/#breadcrumb\",\"itemListElement\":[{\"@type\":\"ListItem\",\"position\":1,\"name\":\"Start\",\"item\":\"https:\/\/biotechlerncenter.interpharma.ch\/fr\/\"},{\"@type\":\"ListItem\",\"position\":2,\"name\":\"Sujets\",\"item\":\"https:\/\/biotechlerncenter.interpharma.ch\/fr\/sujets\/\"},{\"@type\":\"ListItem\",\"position\":3,\"name\":\"Cellules souches\",\"item\":\"https:\/\/biotechlerncenter.interpharma.ch\/fr\/sujets\/cellules-souches\/\"},{\"@type\":\"ListItem\",\"position\":4,\"name\":\"5. Aspects \u00e9thiques: quand la vie commence-t-elle?\"}]},{\"@type\":\"WebSite\",\"@id\":\"https:\/\/biotechlerncenter.interpharma.ch\/#website\",\"url\":\"https:\/\/biotechlerncenter.interpharma.ch\/\",\"name\":\"biotechlerncenter\",\"description\":\"\",\"potentialAction\":[{\"@type\":\"SearchAction\",\"target\":{\"@type\":\"EntryPoint\",\"urlTemplate\":\"https:\/\/biotechlerncenter.interpharma.ch\/?s={search_term_string}\"},\"query-input\":{\"@type\":\"PropertyValueSpecification\",\"valueRequired\":true,\"valueName\":\"search_term_string\"}}],\"inLanguage\":\"fr-FR\"}]}<\/script>\n<!-- \/ Yoast SEO Premium plugin. -->","yoast_head_json":{"title":"5. Aspects \u00e9thiques: quand la vie commence-t-elle? - biotechlerncenter","robots":{"index":"index","follow":"follow","max-snippet":"max-snippet:-1","max-image-preview":"max-image-preview:large","max-video-preview":"max-video-preview:-1"},"canonical":"https:\/\/biotechlerncenter.interpharma.ch\/themen\/das-grosse-potenzial-der-stammzellen\/5-ethische-aspekte-wann-beginnt-das-leben\/","og_locale":"fr_FR","og_type":"article","og_title":"5. Aspects \u00e9thiques: quand la vie commence-t-elle?","og_description":"A partir de quel moment un \u00eatre humain est-il un \u00eatre humain? Quand la vie commence-t-elle? L&#8217;embryon est-il d\u00e9j\u00e0 un \u00eatre humain \u00e0 part enti\u00e8re? Quels droits un embryon surnum\u00e9raire a-t-il &#8211; sont-ils les m\u00eames que ceux d&rsquo;un nouveau-n\u00e9? Les recherches sur les cellules souches sont actuellement tr\u00e8s importantes et elles sont l&rsquo;objet de&nbsp; controverse [&hellip;]","og_url":"https:\/\/biotechlerncenter.interpharma.ch\/themen\/das-grosse-potenzial-der-stammzellen\/5-ethische-aspekte-wann-beginnt-das-leben\/","og_site_name":"biotechlerncenter","article_modified_time":"2026-03-13T17:51:39+00:00","og_image":[{"url":"http:\/\/biotechlerncenter.interpharma.ch\/wp-content\/uploads\/sites\/4\/2020\/01\/in_vitro_juan_gaertner_fotolia.jpg","type":"","width":"","height":""}],"twitter_card":"summary_large_image","twitter_misc":{"Dur\u00e9e de lecture estim\u00e9e":"2 minutes"},"schema":{"@context":"https:\/\/schema.org","@graph":[{"@type":"WebPage","@id":"https:\/\/biotechlerncenter.interpharma.ch\/themen\/das-grosse-potenzial-der-stammzellen\/5-ethische-aspekte-wann-beginnt-das-leben\/","url":"https:\/\/biotechlerncenter.interpharma.ch\/themen\/das-grosse-potenzial-der-stammzellen\/5-ethische-aspekte-wann-beginnt-das-leben\/","name":"5. Aspects \u00e9thiques: quand la vie commence-t-elle? - biotechlerncenter","isPartOf":{"@id":"https:\/\/biotechlerncenter.interpharma.ch\/#website"},"primaryImageOfPage":{"@id":"https:\/\/biotechlerncenter.interpharma.ch\/themen\/das-grosse-potenzial-der-stammzellen\/5-ethische-aspekte-wann-beginnt-das-leben\/#primaryimage"},"image":{"@id":"https:\/\/biotechlerncenter.interpharma.ch\/themen\/das-grosse-potenzial-der-stammzellen\/5-ethische-aspekte-wann-beginnt-das-leben\/#primaryimage"},"thumbnailUrl":"http:\/\/biotechlerncenter.interpharma.ch\/wp-content\/uploads\/sites\/4\/2020\/01\/in_vitro_juan_gaertner_fotolia.jpg","datePublished":"2026-03-12T16:26:46+00:00","dateModified":"2026-03-13T17:51:39+00:00","breadcrumb":{"@id":"https:\/\/biotechlerncenter.interpharma.ch\/themen\/das-grosse-potenzial-der-stammzellen\/5-ethische-aspekte-wann-beginnt-das-leben\/#breadcrumb"},"inLanguage":"fr-FR","potentialAction":[{"@type":"ReadAction","target":["https:\/\/biotechlerncenter.interpharma.ch\/themen\/das-grosse-potenzial-der-stammzellen\/5-ethische-aspekte-wann-beginnt-das-leben\/"]}]},{"@type":"ImageObject","inLanguage":"fr-FR","@id":"https:\/\/biotechlerncenter.interpharma.ch\/themen\/das-grosse-potenzial-der-stammzellen\/5-ethische-aspekte-wann-beginnt-das-leben\/#primaryimage","url":"http:\/\/biotechlerncenter.interpharma.ch\/wp-content\/uploads\/sites\/4\/2020\/01\/in_vitro_juan_gaertner_fotolia.jpg","contentUrl":"http:\/\/biotechlerncenter.interpharma.ch\/wp-content\/uploads\/sites\/4\/2020\/01\/in_vitro_juan_gaertner_fotolia.jpg"},{"@type":"BreadcrumbList","@id":"https:\/\/biotechlerncenter.interpharma.ch\/themen\/das-grosse-potenzial-der-stammzellen\/5-ethische-aspekte-wann-beginnt-das-leben\/#breadcrumb","itemListElement":[{"@type":"ListItem","position":1,"name":"Start","item":"https:\/\/biotechlerncenter.interpharma.ch\/fr\/"},{"@type":"ListItem","position":2,"name":"Sujets","item":"https:\/\/biotechlerncenter.interpharma.ch\/fr\/sujets\/"},{"@type":"ListItem","position":3,"name":"Cellules souches","item":"https:\/\/biotechlerncenter.interpharma.ch\/fr\/sujets\/cellules-souches\/"},{"@type":"ListItem","position":4,"name":"5. Aspects \u00e9thiques: quand la vie commence-t-elle?"}]},{"@type":"WebSite","@id":"https:\/\/biotechlerncenter.interpharma.ch\/#website","url":"https:\/\/biotechlerncenter.interpharma.ch\/","name":"biotechlerncenter","description":"","potentialAction":[{"@type":"SearchAction","target":{"@type":"EntryPoint","urlTemplate":"https:\/\/biotechlerncenter.interpharma.ch\/?s={search_term_string}"},"query-input":{"@type":"PropertyValueSpecification","valueRequired":true,"valueName":"search_term_string"}}],"inLanguage":"fr-FR"}]}},"_links":{"self":[{"href":"https:\/\/biotechlerncenter.interpharma.ch\/fr\/wp-json\/wp\/v2\/pages\/1046","targetHints":{"allow":["GET"]}}],"collection":[{"href":"https:\/\/biotechlerncenter.interpharma.ch\/fr\/wp-json\/wp\/v2\/pages"}],"about":[{"href":"https:\/\/biotechlerncenter.interpharma.ch\/fr\/wp-json\/wp\/v2\/types\/page"}],"author":[{"embeddable":true,"href":"https:\/\/biotechlerncenter.interpharma.ch\/fr\/wp-json\/wp\/v2\/users\/1"}],"replies":[{"embeddable":true,"href":"https:\/\/biotechlerncenter.interpharma.ch\/fr\/wp-json\/wp\/v2\/comments?post=1046"}],"version-history":[{"count":3,"href":"https:\/\/biotechlerncenter.interpharma.ch\/fr\/wp-json\/wp\/v2\/pages\/1046\/revisions"}],"predecessor-version":[{"id":3281,"href":"https:\/\/biotechlerncenter.interpharma.ch\/fr\/wp-json\/wp\/v2\/pages\/1046\/revisions\/3281"}],"up":[{"embeddable":true,"href":"https:\/\/biotechlerncenter.interpharma.ch\/fr\/wp-json\/wp\/v2\/pages\/1062"}],"wp:attachment":[{"href":"https:\/\/biotechlerncenter.interpharma.ch\/fr\/wp-json\/wp\/v2\/media?parent=1046"}],"curies":[{"name":"wp","href":"https:\/\/api.w.org\/{rel}","templated":true}]}}